{"id":190,"date":"2019-04-02T11:17:19","date_gmt":"2019-04-02T09:17:19","guid":{"rendered":"https:\/\/www.elcaminodekunig.com\/?post_type=avada_portfolio&#038;p=190"},"modified":"2019-04-02T11:23:03","modified_gmt":"2019-04-02T09:23:03","slug":"erster-epigraph","status":"publish","type":"avada_portfolio","link":"https:\/\/www.elcaminodekunig.com\/de\/portfolio-items\/erster-epigraph\/","title":{"rendered":"Erster Epigraph"},"content":{"rendered":"<div class=\"fusion-fullwidth fullwidth-box fusion-builder-row-1 nonhundred-percent-fullwidth non-hundred-percent-height-scrolling\" style=\"--awb-border-radius-top-left:0px;--awb-border-radius-top-right:0px;--awb-border-radius-bottom-right:0px;--awb-border-radius-bottom-left:0px;--awb-flex-wrap:wrap;\" ><div class=\"fusion-builder-row fusion-row\"><div class=\"fusion-layout-column fusion_builder_column fusion-builder-column-0 fusion_builder_column_1_2 1_2 fusion-one-half fusion-column-first\" style=\"--awb-bg-size:cover;--awb-margin-bottom:0px;width:48%; margin-right: 4%;\"><div class=\"fusion-column-wrapper fusion-flex-column-wrapper-legacy\"><div class=\"fusion-title title fusion-title-1 fusion-sep-none fusion-title-text fusion-title-size-one\"><h1 class=\"fusion-title-heading title-heading-left\" style=\"margin:0;\">Hermann K\u00fcnig von Vach<\/h1><\/div><div class=\"fusion-text fusion-text-1\"><p>Poco se conoce de la vida del monje alem\u00e1n Hermann K\u00fcnig von Vach, autor de la famosa gu\u00eda de peregrinaci\u00f3n\u00a0publicada en el a\u00f1o 1495.<\/p>\n<p>Est\u00e1 documentada su pertenencia al monasterio de Vach (o Vacha), en el centro de la actual Alemania, donde desempe\u00f1\u00f3 el puesto de limosnero; Tambi\u00e9n se sabe que en 1479 figuraba como monje del centro, pero estaba ausente del mismo. Es posible que se hallase entonces en la peregrinaci\u00f3n, y que la gu\u00eda de la misma fuese escrita con posterioridad.<\/p>\n<p>El texto de sus viajes se acab\u00f3 de redactar el d\u00eda de santa Ana (26 de julio) de 1495, y vio la luz ese a\u00f1o en Estrasburgo, con el t\u00edtulo de <em>Die walfart und Strass zu sant Jacob<\/em>. Fue impreso en el taller de Mathias Hupfuff.<\/p>\n<p>En las tres d\u00e9cadas siguientes se reedit\u00f3 esta gu\u00eda de viajes varias veces, la \u00faltima en Leipzig, en 1521. En esa fecha se produjo la eclosi\u00f3n del movimiento religioso de la Reforma y la peregrinaci\u00f3n desde Centroeuropa hacia Compostela declin\u00f3. Ya no habr\u00eda nuevas ediciones del texto de K\u00fcnig hasta el siglo XIX.<\/p>\n<p>La obra de K\u00fcnig est\u00e1 escrita con un fin de orientaci\u00f3n pr\u00e1ctica y debi\u00f3 ser muy utilizada, a juzgar por las sucesivas reimpresiones. Se detecta en ella mucha informaci\u00f3n minuciosa, fruto de la observaci\u00f3n personal, con detalles interesantes respecto a\u00a0 los caminos, peajes, monedas y hasta el trato en los mesones.<\/p>\n<\/div><div class=\"fusion-clearfix\"><\/div><\/div><\/div><div class=\"fusion-layout-column fusion_builder_column fusion-builder-column-1 fusion_builder_column_1_2 1_2 fusion-one-half fusion-column-last\" style=\"--awb-bg-size:cover;--awb-margin-bottom:0px;width:48%;\"><div class=\"fusion-column-wrapper fusion-flex-column-wrapper-legacy\"><div class=\"fusion-image-carousel fusion-image-carousel-auto fusion-image-carousel-1 lightbox-enabled fusion-carousel-border\"><div class=\"awb-carousel awb-swiper awb-swiper-carousel awb-swiper-dots-position-bottom awb-carousel--carousel\" data-layout=\"carousel\" data-autoplay=\"no\" data-autoplayspeed=\"2500\" data-autoplaypause=\"no\" data-columns=\"2\" data-itemmargin=\"13\" data-itemwidth=\"180\" data-touchscroll=\"no\" data-freemode=\"no\" data-imagesize=\"auto\" data-scrollitems=\"0\" data-centeredslides=\"no\" data-rotationangle=\"50\" data-depth=\"100\" data-speed=\"500\" data-shadow=\"no\" style=\"--awb-columns:2;--awb-border-width:1px;--awb-border-color:#e9eaee;\"><div class=\"swiper-wrapper awb-image-carousel-wrapper fusion-flex-align-items-center\"><div class=\"swiper-slide\"><div class=\"fusion-carousel-item-wrapper\"><div class=\"fusion-image-wrapper hover-type-zoomin\"><a data-rel=\"iLightbox[image_carousel_1]\" data-caption=\"Edici\u00f3n de la gu\u00eda de Hermann K\u00fcnig impresa en Leipzig en el a\u00f1o 1521.\" data-title=\"web1\" aria-label=\"web1\" href=\"https:\/\/www.elcaminodekunig.com\/wp-content\/uploads\/2019\/04\/web1.jpg\" target=\"_self\"><img decoding=\"async\" width=\"400\" height=\"600\" src=\"https:\/\/www.elcaminodekunig.com\/wp-content\/uploads\/2019\/04\/web1.jpg\" class=\"attachment-full size-full\" alt=\"\" srcset=\"https:\/\/www.elcaminodekunig.com\/wp-content\/uploads\/2019\/04\/web1-200x300.jpg 200w, https:\/\/www.elcaminodekunig.com\/wp-content\/uploads\/2019\/04\/web1.jpg 400w\" sizes=\"(min-width: 2200px) 100vw, (min-width: 712px) 594px, (min-width: 640px) 712px, \" \/><\/a><\/div><\/div><\/div><div class=\"swiper-slide\"><div class=\"fusion-carousel-item-wrapper\"><div class=\"fusion-image-wrapper hover-type-zoomin\"><a data-rel=\"iLightbox[image_carousel_1]\" data-caption=\"Die walfart und Strass zu sant Jacob, libro Impreso en 1495 en Estrasburgo\" data-title=\"web2\" aria-label=\"web2\" href=\"https:\/\/www.elcaminodekunig.com\/wp-content\/uploads\/2019\/04\/web2.jpg\" target=\"_self\"><img decoding=\"async\" width=\"400\" height=\"600\" src=\"https:\/\/www.elcaminodekunig.com\/wp-content\/uploads\/2019\/04\/web2.jpg\" class=\"attachment-full size-full\" alt=\"\" srcset=\"https:\/\/www.elcaminodekunig.com\/wp-content\/uploads\/2019\/04\/web2-200x300.jpg 200w, https:\/\/www.elcaminodekunig.com\/wp-content\/uploads\/2019\/04\/web2.jpg 400w\" sizes=\"(min-width: 2200px) 100vw, (min-width: 712px) 594px, (min-width: 640px) 712px, \" \/><\/a><\/div><\/div><\/div><\/div><div class=\"awb-swiper-button awb-swiper-button-prev\"><i class=\"awb-icon-angle-left\" aria-hidden=\"true\"><\/i><\/div><div class=\"awb-swiper-button awb-swiper-button-next\"><i class=\"awb-icon-angle-right\" aria-hidden=\"true\"><\/i><\/div><\/div><\/div><div class=\"fusion-clearfix\"><\/div><\/div><\/div><\/div><\/div>\n","protected":false},"excerpt":{"rendered":"","protected":false},"author":1,"featured_media":96,"menu_order":0,"comment_status":"open","ping_status":"closed","template":"","format":"standard","meta":{"footnotes":""},"portfolio_category":[21],"portfolio_skills":[],"portfolio_tags":[],"class_list":["post-190","avada_portfolio","type-avada_portfolio","status-publish","format-standard","has-post-thumbnail","hentry","portfolio_category-epigraphien"],"yoast_head":"<!-- This site is optimized with the Yoast SEO plugin v25.7 - https:\/\/yoast.com\/wordpress\/plugins\/seo\/ -->\n<title>Erster Epigraph - El camino de K\u00fcnig<\/title>\n<meta name=\"robots\" content=\"index, follow, max-snippet:-1, max-image-preview:large, max-video-preview:-1\" \/>\n<link rel=\"canonical\" href=\"https:\/\/www.elcaminodekunig.com\/de\/portfolio-items\/erster-epigraph\/\" \/>\n<meta property=\"og:locale\" content=\"de_DE\" \/>\n<meta property=\"og:type\" content=\"article\" \/>\n<meta property=\"og:title\" content=\"Erster Epigraph - El camino de K\u00fcnig\" \/>\n<meta property=\"og:url\" content=\"https:\/\/www.elcaminodekunig.com\/de\/portfolio-items\/erster-epigraph\/\" \/>\n<meta property=\"og:site_name\" content=\"El camino de K\u00fcnig\" \/>\n<meta property=\"article:modified_time\" content=\"2019-04-02T09:23:03+00:00\" \/>\n<meta property=\"og:image\" content=\"https:\/\/www.elcaminodekunig.com\/wp-content\/uploads\/2019\/04\/web3.jpg\" \/>\n\t<meta property=\"og:image:width\" content=\"1200\" \/>\n\t<meta property=\"og:image:height\" content=\"793\" \/>\n\t<meta property=\"og:image:type\" content=\"image\/jpeg\" \/>\n<meta name=\"twitter:card\" content=\"summary_large_image\" \/>\n<meta name=\"twitter:label1\" content=\"Gesch\u00e4tzte Lesezeit\" \/>\n\t<meta name=\"twitter:data1\" content=\"3\u00a0Minuten\" \/>\n<script type=\"application\/ld+json\" class=\"yoast-schema-graph\">{\"@context\":\"https:\/\/schema.org\",\"@graph\":[{\"@type\":\"WebPage\",\"@id\":\"https:\/\/www.elcaminodekunig.com\/de\/portfolio-items\/erster-epigraph\/\",\"url\":\"https:\/\/www.elcaminodekunig.com\/de\/portfolio-items\/erster-epigraph\/\",\"name\":\"Erster Epigraph - El camino de K\u00fcnig\",\"isPartOf\":{\"@id\":\"https:\/\/www.elcaminodekunig.com\/#website\"},\"primaryImageOfPage\":{\"@id\":\"https:\/\/www.elcaminodekunig.com\/de\/portfolio-items\/erster-epigraph\/#primaryimage\"},\"image\":{\"@id\":\"https:\/\/www.elcaminodekunig.com\/de\/portfolio-items\/erster-epigraph\/#primaryimage\"},\"thumbnailUrl\":\"https:\/\/www.elcaminodekunig.com\/wp-content\/uploads\/2019\/04\/web3.jpg\",\"datePublished\":\"2019-04-02T09:17:19+00:00\",\"dateModified\":\"2019-04-02T09:23:03+00:00\",\"breadcrumb\":{\"@id\":\"https:\/\/www.elcaminodekunig.com\/de\/portfolio-items\/erster-epigraph\/#breadcrumb\"},\"inLanguage\":\"de\",\"potentialAction\":[{\"@type\":\"ReadAction\",\"target\":[\"https:\/\/www.elcaminodekunig.com\/de\/portfolio-items\/erster-epigraph\/\"]}]},{\"@type\":\"ImageObject\",\"inLanguage\":\"de\",\"@id\":\"https:\/\/www.elcaminodekunig.com\/de\/portfolio-items\/erster-epigraph\/#primaryimage\",\"url\":\"https:\/\/www.elcaminodekunig.com\/wp-content\/uploads\/2019\/04\/web3.jpg\",\"contentUrl\":\"https:\/\/www.elcaminodekunig.com\/wp-content\/uploads\/2019\/04\/web3.jpg\",\"width\":1200,\"height\":793,\"caption\":\"Your holiday. Switzerland. Benedictine monastery in Einsiedeln, Canton Schwyz. Square with the Liebfrauenbrunnen, arcades, stairway and fa\u00e7ade. Endlich Ferien. Ihre Schweiz. Benediktinerkloster Einsiedeln im Kanton Schwyz. Platz mit Liebfrauenbrunnen, Arkaden, Treppenaufgang und Fassade. Enfin les vacances. A vous la Suisse. Couvent benedictin d'Einsiedeln dans le canton de Schwytz. Place avec fontaine Notre-Dame, arcades, escalier monumental et facade. Copyright by Switzerland Tourism By-line: swiss-image.ch\/Heinz Schwab\"},{\"@type\":\"BreadcrumbList\",\"@id\":\"https:\/\/www.elcaminodekunig.com\/de\/portfolio-items\/erster-epigraph\/#breadcrumb\",\"itemListElement\":[{\"@type\":\"ListItem\",\"position\":1,\"name\":\"Portada\",\"item\":\"https:\/\/www.elcaminodekunig.com\/de\/\"},{\"@type\":\"ListItem\",\"position\":2,\"name\":\"Portfolio\",\"item\":\"https:\/\/www.elcaminodekunig.com\/portfolio-items\/\"},{\"@type\":\"ListItem\",\"position\":3,\"name\":\"Erster Epigraph\"}]},{\"@type\":\"WebSite\",\"@id\":\"https:\/\/www.elcaminodekunig.com\/#website\",\"url\":\"https:\/\/www.elcaminodekunig.com\/\",\"name\":\"El camino de K\u00fcnig\",\"description\":\"En el tramo final del siglo XV, un monje de nombre Hermann K\u00fcnig, perteneciente al convento que la orden de los Siervos de Mar\u00eda ten\u00eda en Vach (Vacha), en el actual estado alem\u00e1n de Turingia, decidi\u00f3 peregrinar al extremo noroccidental de Espa\u00f1a, para visitar la tumba del ap\u00f3stol Santiago.\",\"potentialAction\":[{\"@type\":\"SearchAction\",\"target\":{\"@type\":\"EntryPoint\",\"urlTemplate\":\"https:\/\/www.elcaminodekunig.com\/?s={search_term_string}\"},\"query-input\":{\"@type\":\"PropertyValueSpecification\",\"valueRequired\":true,\"valueName\":\"search_term_string\"}}],\"inLanguage\":\"de\"}]}<\/script>\n<!-- \/ Yoast SEO plugin. -->","yoast_head_json":{"title":"Erster Epigraph - El camino de K\u00fcnig","robots":{"index":"index","follow":"follow","max-snippet":"max-snippet:-1","max-image-preview":"max-image-preview:large","max-video-preview":"max-video-preview:-1"},"canonical":"https:\/\/www.elcaminodekunig.com\/de\/portfolio-items\/erster-epigraph\/","og_locale":"de_DE","og_type":"article","og_title":"Erster Epigraph - El camino de K\u00fcnig","og_url":"https:\/\/www.elcaminodekunig.com\/de\/portfolio-items\/erster-epigraph\/","og_site_name":"El camino de K\u00fcnig","article_modified_time":"2019-04-02T09:23:03+00:00","og_image":[{"width":1200,"height":793,"url":"https:\/\/www.elcaminodekunig.com\/wp-content\/uploads\/2019\/04\/web3.jpg","type":"image\/jpeg"}],"twitter_card":"summary_large_image","twitter_misc":{"Gesch\u00e4tzte Lesezeit":"3\u00a0Minuten"},"schema":{"@context":"https:\/\/schema.org","@graph":[{"@type":"WebPage","@id":"https:\/\/www.elcaminodekunig.com\/de\/portfolio-items\/erster-epigraph\/","url":"https:\/\/www.elcaminodekunig.com\/de\/portfolio-items\/erster-epigraph\/","name":"Erster Epigraph - El camino de K\u00fcnig","isPartOf":{"@id":"https:\/\/www.elcaminodekunig.com\/#website"},"primaryImageOfPage":{"@id":"https:\/\/www.elcaminodekunig.com\/de\/portfolio-items\/erster-epigraph\/#primaryimage"},"image":{"@id":"https:\/\/www.elcaminodekunig.com\/de\/portfolio-items\/erster-epigraph\/#primaryimage"},"thumbnailUrl":"https:\/\/www.elcaminodekunig.com\/wp-content\/uploads\/2019\/04\/web3.jpg","datePublished":"2019-04-02T09:17:19+00:00","dateModified":"2019-04-02T09:23:03+00:00","breadcrumb":{"@id":"https:\/\/www.elcaminodekunig.com\/de\/portfolio-items\/erster-epigraph\/#breadcrumb"},"inLanguage":"de","potentialAction":[{"@type":"ReadAction","target":["https:\/\/www.elcaminodekunig.com\/de\/portfolio-items\/erster-epigraph\/"]}]},{"@type":"ImageObject","inLanguage":"de","@id":"https:\/\/www.elcaminodekunig.com\/de\/portfolio-items\/erster-epigraph\/#primaryimage","url":"https:\/\/www.elcaminodekunig.com\/wp-content\/uploads\/2019\/04\/web3.jpg","contentUrl":"https:\/\/www.elcaminodekunig.com\/wp-content\/uploads\/2019\/04\/web3.jpg","width":1200,"height":793,"caption":"Your holiday. Switzerland. Benedictine monastery in Einsiedeln, Canton Schwyz. Square with the Liebfrauenbrunnen, arcades, stairway and fa\u00e7ade. Endlich Ferien. Ihre Schweiz. Benediktinerkloster Einsiedeln im Kanton Schwyz. Platz mit Liebfrauenbrunnen, Arkaden, Treppenaufgang und Fassade. Enfin les vacances. A vous la Suisse. Couvent benedictin d'Einsiedeln dans le canton de Schwytz. Place avec fontaine Notre-Dame, arcades, escalier monumental et facade. Copyright by Switzerland Tourism By-line: swiss-image.ch\/Heinz Schwab"},{"@type":"BreadcrumbList","@id":"https:\/\/www.elcaminodekunig.com\/de\/portfolio-items\/erster-epigraph\/#breadcrumb","itemListElement":[{"@type":"ListItem","position":1,"name":"Portada","item":"https:\/\/www.elcaminodekunig.com\/de\/"},{"@type":"ListItem","position":2,"name":"Portfolio","item":"https:\/\/www.elcaminodekunig.com\/portfolio-items\/"},{"@type":"ListItem","position":3,"name":"Erster Epigraph"}]},{"@type":"WebSite","@id":"https:\/\/www.elcaminodekunig.com\/#website","url":"https:\/\/www.elcaminodekunig.com\/","name":"El camino de K\u00fcnig","description":"En el tramo final del siglo XV, un monje de nombre Hermann K\u00fcnig, perteneciente al convento que la orden de los Siervos de Mar\u00eda ten\u00eda en Vach (Vacha), en el actual estado alem\u00e1n de Turingia, decidi\u00f3 peregrinar al extremo noroccidental de Espa\u00f1a, para visitar la tumba del ap\u00f3stol Santiago.","potentialAction":[{"@type":"SearchAction","target":{"@type":"EntryPoint","urlTemplate":"https:\/\/www.elcaminodekunig.com\/?s={search_term_string}"},"query-input":{"@type":"PropertyValueSpecification","valueRequired":true,"valueName":"search_term_string"}}],"inLanguage":"de"}]}},"_links":{"self":[{"href":"https:\/\/www.elcaminodekunig.com\/de\/wp-json\/wp\/v2\/avada_portfolio\/190","targetHints":{"allow":["GET"]}}],"collection":[{"href":"https:\/\/www.elcaminodekunig.com\/de\/wp-json\/wp\/v2\/avada_portfolio"}],"about":[{"href":"https:\/\/www.elcaminodekunig.com\/de\/wp-json\/wp\/v2\/types\/avada_portfolio"}],"author":[{"embeddable":true,"href":"https:\/\/www.elcaminodekunig.com\/de\/wp-json\/wp\/v2\/users\/1"}],"replies":[{"embeddable":true,"href":"https:\/\/www.elcaminodekunig.com\/de\/wp-json\/wp\/v2\/comments?post=190"}],"version-history":[{"count":0,"href":"https:\/\/www.elcaminodekunig.com\/de\/wp-json\/wp\/v2\/avada_portfolio\/190\/revisions"}],"wp:featuredmedia":[{"embeddable":true,"href":"https:\/\/www.elcaminodekunig.com\/de\/wp-json\/wp\/v2\/media\/96"}],"wp:attachment":[{"href":"https:\/\/www.elcaminodekunig.com\/de\/wp-json\/wp\/v2\/media?parent=190"}],"wp:term":[{"taxonomy":"portfolio_category","embeddable":true,"href":"https:\/\/www.elcaminodekunig.com\/de\/wp-json\/wp\/v2\/portfolio_category?post=190"},{"taxonomy":"portfolio_skills","embeddable":true,"href":"https:\/\/www.elcaminodekunig.com\/de\/wp-json\/wp\/v2\/portfolio_skills?post=190"},{"taxonomy":"portfolio_tags","embeddable":true,"href":"https:\/\/www.elcaminodekunig.com\/de\/wp-json\/wp\/v2\/portfolio_tags?post=190"}],"curies":[{"name":"wp","href":"https:\/\/api.w.org\/{rel}","templated":true}]}}