{"id":198,"date":"2019-04-02T11:19:09","date_gmt":"2019-04-02T09:19:09","guid":{"rendered":"https:\/\/www.elcaminodekunig.com\/?post_type=avada_portfolio&#038;p=198"},"modified":"2019-04-02T11:23:11","modified_gmt":"2019-04-02T09:23:11","slug":"dritter-epigraph","status":"publish","type":"avada_portfolio","link":"https:\/\/www.elcaminodekunig.com\/de\/portfolio-items\/dritter-epigraph\/","title":{"rendered":"Dritter Epigraph"},"content":{"rendered":"<p><div class=\"fusion-fullwidth fullwidth-box fusion-builder-row-1 nonhundred-percent-fullwidth non-hundred-percent-height-scrolling\" style=\"--awb-border-radius-top-left:0px;--awb-border-radius-top-right:0px;--awb-border-radius-bottom-right:0px;--awb-border-radius-bottom-left:0px;--awb-margin-bottom:10px;--awb-flex-wrap:wrap;\" ><div class=\"fusion-builder-row fusion-row\"><div class=\"fusion-layout-column fusion_builder_column fusion-builder-column-0 fusion_builder_column_1_2 1_2 fusion-one-half fusion-column-first\" style=\"--awb-bg-size:cover;--awb-margin-bottom:0px;width:48%; margin-right: 4%;\"><div class=\"fusion-column-wrapper fusion-flex-column-wrapper-legacy\"><div class=\"fusion-title title fusion-title-1 fusion-sep-none fusion-title-text fusion-title-size-one\"><h1 class=\"fusion-title-heading title-heading-left\" style=\"margin:0;\">La variante de los Montes de Le\u00f3n<\/h1><\/div><div class=\"fusion-text fusion-text-1\"><p>Las dos variantes esenciales en el trayecto a Santiago corresponden al trayecto entre Le\u00f3n y Ponferrada \u2013el cruce de los Montes de Le\u00f3n- y\u00a0 el trayecto de Villafranca del Bierzo a Melide.<\/p>\n<p>En ambas variantes, el viajero alem\u00e1n elige los pasos m\u00e1s sencillos, evitando las subidas por el camino de Foncebad\u00f3n, que supera los 1500 metros de altura, y por el del Alto do Poio, la mayor cumbre del Camino de Santiago en territorio de Galicia, por encima de los 1300 metros.<\/p>\n<p>Aparte del esfuerzo de las pendientes, ambas zonas son especialmente duras por la climatolog\u00eda en \u00e9poca de invierno<\/p>\n<p>La innovaci\u00f3n primera que propone Hermann K\u00fcnig von Vach en el recorrido hacia Santiago de Compostela, se refiere al trayecto entre Le\u00f3n y Ponferrada, y es la relativa al cruce de los Montes de Le\u00f3n, que \u00e9l realiza dando un suave rodeo que evita las monta\u00f1as.<\/p>\n<\/div><div class=\"fusion-clearfix\"><\/div><\/div><\/div><div class=\"fusion-layout-column fusion_builder_column fusion-builder-column-1 fusion_builder_column_1_2 1_2 fusion-one-half fusion-column-last\" style=\"--awb-bg-size:cover;--awb-margin-bottom:0px;width:48%;\"><div class=\"fusion-column-wrapper fusion-flex-column-wrapper-legacy\"><div class=\"fusion-image-carousel fusion-image-carousel-auto fusion-image-carousel-1 lightbox-enabled fusion-carousel-border\"><div class=\"awb-carousel awb-swiper awb-swiper-carousel awb-swiper-dots-position-bottom awb-carousel--carousel\" data-layout=\"carousel\" data-autoplay=\"no\" data-autoplayspeed=\"2500\" data-autoplaypause=\"no\" data-columns=\"1\" data-itemmargin=\"13\" data-itemwidth=\"180\" data-touchscroll=\"no\" data-freemode=\"no\" data-imagesize=\"auto\" data-scrollitems=\"0\" data-centeredslides=\"no\" data-rotationangle=\"50\" data-depth=\"100\" data-speed=\"500\" data-shadow=\"no\" style=\"--awb-columns:1;--awb-border-width:1px;--awb-border-color:#e9eaee;\"><div class=\"swiper-wrapper awb-image-carousel-wrapper fusion-flex-align-items-center\"><div class=\"swiper-slide\"><div class=\"fusion-carousel-item-wrapper\"><div class=\"fusion-image-wrapper hover-type-zoomin\"><a data-rel=\"iLightbox[image_carousel_1]\" data-caption=\"Ruinas del viejo convento franciscano de Cerezal de Tremor, punto clave del paso de los Montes de Le\u00f3n, en el trayecto de K\u00fcnig. Imagen de Guiarte.com\" data-title=\"uinas del viejo convento franciscano de Cerezal de Tremor\" aria-label=\"uinas del viejo convento franciscano de Cerezal de Tremor\" href=\"https:\/\/www.elcaminodekunig.com\/wp-content\/uploads\/2019\/04\/uinas-del-viejo-convento-franciscano-de-Cerezal-de-Tremor.jpg\" target=\"_self\"><img decoding=\"async\" width=\"1200\" height=\"793\" src=\"https:\/\/www.elcaminodekunig.com\/wp-content\/uploads\/2019\/04\/uinas-del-viejo-convento-franciscano-de-Cerezal-de-Tremor.jpg\" class=\"attachment-full size-full\" alt=\"\" srcset=\"https:\/\/www.elcaminodekunig.com\/wp-content\/uploads\/2019\/04\/uinas-del-viejo-convento-franciscano-de-Cerezal-de-Tremor-200x132.jpg 200w, https:\/\/www.elcaminodekunig.com\/wp-content\/uploads\/2019\/04\/uinas-del-viejo-convento-franciscano-de-Cerezal-de-Tremor-300x198.jpg 300w, https:\/\/www.elcaminodekunig.com\/wp-content\/uploads\/2019\/04\/uinas-del-viejo-convento-franciscano-de-Cerezal-de-Tremor-400x264.jpg 400w, https:\/\/www.elcaminodekunig.com\/wp-content\/uploads\/2019\/04\/uinas-del-viejo-convento-franciscano-de-Cerezal-de-Tremor-600x397.jpg 600w, https:\/\/www.elcaminodekunig.com\/wp-content\/uploads\/2019\/04\/uinas-del-viejo-convento-franciscano-de-Cerezal-de-Tremor-768x508.jpg 768w, https:\/\/www.elcaminodekunig.com\/wp-content\/uploads\/2019\/04\/uinas-del-viejo-convento-franciscano-de-Cerezal-de-Tremor-800x529.jpg 800w, https:\/\/www.elcaminodekunig.com\/wp-content\/uploads\/2019\/04\/uinas-del-viejo-convento-franciscano-de-Cerezal-de-Tremor-1024x677.jpg 1024w, https:\/\/www.elcaminodekunig.com\/wp-content\/uploads\/2019\/04\/uinas-del-viejo-convento-franciscano-de-Cerezal-de-Tremor.jpg 1200w\" sizes=\"(max-width: 1200px) 100vw, 1200px\" \/><\/a><\/div><\/div><\/div><div class=\"swiper-slide\"><div class=\"fusion-carousel-item-wrapper\"><div class=\"fusion-image-wrapper hover-type-zoomin\"><a data-rel=\"iLightbox[image_carousel_1]\" data-caption=\"Mapa del trayecto de K\u00fcnig, con las dos alternativas del cruce de la Cepeda, por los valles del Porcos y del Tuerto. \" data-title=\"Mapa del trayecto de K\u00fcnig\" aria-label=\"Mapa del trayecto de K\u00fcnig\" href=\"https:\/\/www.elcaminodekunig.com\/wp-content\/uploads\/2019\/04\/Mapa-del-trayecto-de-K\u00fcnig.jpg\" target=\"_self\"><img decoding=\"async\" width=\"1200\" height=\"793\" src=\"https:\/\/www.elcaminodekunig.com\/wp-content\/uploads\/2019\/04\/Mapa-del-trayecto-de-K\u00fcnig.jpg\" class=\"attachment-full size-full\" alt=\"\" srcset=\"https:\/\/www.elcaminodekunig.com\/wp-content\/uploads\/2019\/04\/Mapa-del-trayecto-de-K\u00fcnig-200x132.jpg 200w, https:\/\/www.elcaminodekunig.com\/wp-content\/uploads\/2019\/04\/Mapa-del-trayecto-de-K\u00fcnig-300x198.jpg 300w, https:\/\/www.elcaminodekunig.com\/wp-content\/uploads\/2019\/04\/Mapa-del-trayecto-de-K\u00fcnig-400x264.jpg 400w, https:\/\/www.elcaminodekunig.com\/wp-content\/uploads\/2019\/04\/Mapa-del-trayecto-de-K\u00fcnig-600x397.jpg 600w, https:\/\/www.elcaminodekunig.com\/wp-content\/uploads\/2019\/04\/Mapa-del-trayecto-de-K\u00fcnig-768x508.jpg 768w, https:\/\/www.elcaminodekunig.com\/wp-content\/uploads\/2019\/04\/Mapa-del-trayecto-de-K\u00fcnig-800x529.jpg 800w, https:\/\/www.elcaminodekunig.com\/wp-content\/uploads\/2019\/04\/Mapa-del-trayecto-de-K\u00fcnig-1024x677.jpg 1024w, https:\/\/www.elcaminodekunig.com\/wp-content\/uploads\/2019\/04\/Mapa-del-trayecto-de-K\u00fcnig.jpg 1200w\" sizes=\"(max-width: 1200px) 100vw, 1200px\" \/><\/a><\/div><\/div><\/div><\/div><div class=\"awb-swiper-button awb-swiper-button-prev\"><i class=\"awb-icon-angle-left\" aria-hidden=\"true\"><\/i><\/div><div class=\"awb-swiper-button awb-swiper-button-next\"><i class=\"awb-icon-angle-right\" aria-hidden=\"true\"><\/i><\/div><\/div><\/div><div class=\"fusion-clearfix\"><\/div><\/div><\/div><\/div><\/div><div class=\"fusion-fullwidth fullwidth-box fusion-builder-row-2 nonhundred-percent-fullwidth non-hundred-percent-height-scrolling\" style=\"--awb-border-radius-top-left:0px;--awb-border-radius-top-right:0px;--awb-border-radius-bottom-right:0px;--awb-border-radius-bottom-left:0px;--awb-margin-bottom:10px;--awb-flex-wrap:wrap;\" ><div class=\"fusion-builder-row fusion-row\"><div class=\"fusion-layout-column fusion_builder_column fusion-builder-column-2 fusion_builder_column_1_2 1_2 fusion-one-half fusion-column-first\" style=\"--awb-bg-size:cover;--awb-margin-bottom:0px;width:48%; margin-right: 4%;\"><div class=\"fusion-column-wrapper fusion-flex-column-wrapper-legacy\"><div class=\"fusion-image-carousel fusion-image-carousel-auto fusion-image-carousel-2 lightbox-enabled fusion-carousel-border\"><div class=\"awb-carousel awb-swiper awb-swiper-carousel awb-swiper-dots-position-bottom awb-carousel--carousel\" data-layout=\"carousel\" data-autoplay=\"no\" data-autoplayspeed=\"2500\" data-autoplaypause=\"no\" data-columns=\"1\" data-itemmargin=\"13\" data-itemwidth=\"180\" data-touchscroll=\"no\" data-freemode=\"no\" data-imagesize=\"auto\" data-scrollitems=\"0\" data-centeredslides=\"no\" data-rotationangle=\"50\" data-depth=\"100\" data-speed=\"500\" data-shadow=\"no\" style=\"--awb-columns:1;--awb-border-width:1px;--awb-border-color:#e9eaee;\"><div class=\"swiper-wrapper awb-image-carousel-wrapper fusion-flex-align-items-center\"><div class=\"swiper-slide\"><div class=\"fusion-carousel-item-wrapper\"><div class=\"fusion-image-wrapper hover-type-zoomin\"><a data-rel=\"iLightbox[image_carousel_2]\" data-caption=\"Benavides de \u00d3rbigo, con sus t\u00edpicos soportales. La villa tuvo tambi\u00e9n gran vida peregrina. Imagen de makeithappen.love.\" data-title=\"Benavides de \u00d3rbigo\" aria-label=\"Benavides de \u00d3rbigo\" href=\"https:\/\/www.elcaminodekunig.com\/wp-content\/uploads\/2019\/04\/Benavides-de-\u00d3rbigo.jpg\" target=\"_self\"><img decoding=\"async\" width=\"1200\" height=\"793\" src=\"https:\/\/www.elcaminodekunig.com\/wp-content\/uploads\/2019\/04\/Benavides-de-\u00d3rbigo.jpg\" class=\"attachment-full size-full\" alt=\"\" srcset=\"https:\/\/www.elcaminodekunig.com\/wp-content\/uploads\/2019\/04\/Benavides-de-\u00d3rbigo-200x132.jpg 200w, https:\/\/www.elcaminodekunig.com\/wp-content\/uploads\/2019\/04\/Benavides-de-\u00d3rbigo-300x198.jpg 300w, https:\/\/www.elcaminodekunig.com\/wp-content\/uploads\/2019\/04\/Benavides-de-\u00d3rbigo-400x264.jpg 400w, https:\/\/www.elcaminodekunig.com\/wp-content\/uploads\/2019\/04\/Benavides-de-\u00d3rbigo-600x397.jpg 600w, https:\/\/www.elcaminodekunig.com\/wp-content\/uploads\/2019\/04\/Benavides-de-\u00d3rbigo-768x508.jpg 768w, https:\/\/www.elcaminodekunig.com\/wp-content\/uploads\/2019\/04\/Benavides-de-\u00d3rbigo-800x529.jpg 800w, https:\/\/www.elcaminodekunig.com\/wp-content\/uploads\/2019\/04\/Benavides-de-\u00d3rbigo-1024x677.jpg 1024w, https:\/\/www.elcaminodekunig.com\/wp-content\/uploads\/2019\/04\/Benavides-de-\u00d3rbigo.jpg 1200w\" sizes=\"(max-width: 1200px) 100vw, 1200px\" \/><\/a><\/div><\/div><\/div><\/div><div class=\"awb-swiper-button awb-swiper-button-prev\"><i class=\"awb-icon-angle-left\" aria-hidden=\"true\"><\/i><\/div><div class=\"awb-swiper-button awb-swiper-button-next\"><i class=\"awb-icon-angle-right\" aria-hidden=\"true\"><\/i><\/div><\/div><\/div><div class=\"fusion-clearfix\"><\/div><\/div><\/div><div class=\"fusion-layout-column fusion_builder_column fusion-builder-column-3 fusion_builder_column_1_2 1_2 fusion-one-half fusion-column-last\" style=\"--awb-bg-size:cover;--awb-margin-bottom:0px;width:48%;\"><div class=\"fusion-column-wrapper fusion-flex-column-wrapper-legacy\"><div class=\"fusion-text fusion-text-2\"><p>Se trata del camino de Cerezal de Tremor, el cruce m\u00e1s sencillo que relaciona las cuencas hidrogr\u00e1ficas del Mi\u00f1o-Sil y del Duero, y que evita la subida al duro puerto de Foncebad\u00f3n.<\/p>\n<p>Desde la vega del Tuerto, en el entorno de Astorga, al puerto de Foncebad\u00f3n hay una pendiente continua para pasar desde los 840 metros sobre el nivel del mar a 1510 (+ 670 metros), en tanto que si el camino se hace por la ruta descrita por K\u00fcnig, desde el valle del Tuerto, en el entorno de Cogorderos, hasta la bajada al valle del Tremor se sube de los 880 metros hasta algo m\u00e1s de los 1100, aproximadamente, lo que da una subida de un poco m\u00e1s de los 200 metros, por medio de un paisaje muy poblado, dulce y ameno.<\/p>\n<p>Por esto, K\u00fcnig advierte al lector que \u201cevite Rabanal\u201d (el puerto de Foncebad\u00f3n). Y propone que hacia la mitad de la ruta entre Le\u00f3n y Astorga (Storges) se tome el camino de Santa Marina del Rey. (Sanct Maurin).<\/p>\n<p>Santa Marina del Rey es una localidad que en el tiempo de K\u00fcnig ten\u00eda gran vitalidad peregrina, contaba con dos hospitales y era la m\u00e1s importante villa del valle del \u00d3rbigo leon\u00e9s.<\/p>\n<\/div><div class=\"fusion-clearfix\"><\/div><\/div><\/div><\/div><\/div><div class=\"fusion-fullwidth fullwidth-box fusion-builder-row-3 nonhundred-percent-fullwidth non-hundred-percent-height-scrolling\" style=\"--awb-border-radius-top-left:0px;--awb-border-radius-top-right:0px;--awb-border-radius-bottom-right:0px;--awb-border-radius-bottom-left:0px;--awb-margin-bottom:10px;--awb-flex-wrap:wrap;\" ><div class=\"fusion-builder-row fusion-row\"><div class=\"fusion-layout-column fusion_builder_column fusion-builder-column-4 fusion_builder_column_4_5 4_5 fusion-four-fifth fusion-column-first\" style=\"--awb-bg-size:cover;--awb-margin-bottom:0px;width:79.2%; margin-right: 4%;\"><div class=\"fusion-column-wrapper fusion-flex-column-wrapper-legacy\"><div class=\"fusion-text fusion-text-3\"><p>El monje alem\u00e1n pudo tomar este camino en las cercan\u00edas de la Milla del P\u00e1ramo o en San Mart\u00edn del Camino, para pasar por Santa Marina y cruzar all\u00ed el \u00d3rbigo. En la orilla opuesta est\u00e1 Benavides, desde donde la v\u00eda pasa a la Cepeda. Hay constancia tambi\u00e9n del vigor peregrino de Benavides. As\u00ed se testifica, por ejemplo, en un memorial dirigido en 1544 por el concejo de la villa a Carlos I, donde se demanda ayuda para arreglar los pontones. Tambi\u00e9n en el Catastro de Ensenada, se cita un hospital en el lugar, que colabora con los de Santa Marina.<\/p>\n<p>K\u00fcnig afirma en su libro que en su recorrido, Astorga queda a tres <em>meilen <\/em>a la izquierda, es decir, algo m\u00e1s de 12 kil\u00f3metros. En base a esta medida se puede precisar que K\u00fcnig cruza el valle del Tuerto por Cogorderos, Villamejil o Castrillos de Cepeda.<\/p>\n<p>A partir de aqu\u00ed, y por los datos que da (las monta\u00f1as quedan a la izquierda) utiliza el paso m\u00e1s bajo existente para entrar en el Bierzo, por el valle de Tremor. Se trata de la bajada desde Bra\u00f1uelas a Cerezal de Tremor, lugar de honda tradici\u00f3n jacobea desde la Edad Media, ahora deshabitado, en cuya geograf\u00eda se descubren las ruinas del antiguo convento franciscano que pervivi\u00f3 hasta las desamortizaciones.<\/p>\n<\/div><div class=\"fusion-clearfix\"><\/div><\/div><\/div><div class=\"fusion-layout-column fusion_builder_column fusion-builder-column-5 fusion_builder_column_1_5 1_5 fusion-one-fifth fusion-column-last\" style=\"--awb-bg-size:cover;--awb-margin-bottom:0px;width:16.8%;\"><div class=\"fusion-column-wrapper fusion-flex-column-wrapper-legacy\"><div class=\"fusion-image-element fusion-image-align-center in-legacy-container\" style=\"text-align:center;--awb-caption-title-font-family:var(--h2_typography-font-family);--awb-caption-title-font-weight:var(--h2_typography-font-weight);--awb-caption-title-font-style:var(--h2_typography-font-style);--awb-caption-title-size:var(--h2_typography-font-size);--awb-caption-title-transform:var(--h2_typography-text-transform);--awb-caption-title-line-height:var(--h2_typography-line-height);--awb-caption-title-letter-spacing:var(--h2_typography-letter-spacing);\"><div class=\"imageframe-align-center\"><span class=\" fusion-imageframe imageframe-none imageframe-1 hover-type-zoomin\"><a href=\"https:\/\/www.elcaminodekunig.com\/wp-content\/uploads\/2019\/04\/Crucero-ante-la-entrada-del-Cementerio-Viejo-de-Villamejil.jpg\" class=\"fusion-lightbox\" data-rel=\"iLightbox[3e5d8c4c1b20d1ba36c]\" data-caption=\"Crucero ante la entrada del Cementerio Viejo de Villamejil. Imagen de Guiarte.com\" data-title=\"Crucero ante la entrada del Cementerio Viejo de Villamejil\" title=\"Crucero ante la entrada del Cementerio Viejo de Villamejil\"><img decoding=\"async\" width=\"616\" height=\"852\" src=\"https:\/\/www.elcaminodekunig.com\/wp-content\/uploads\/2019\/04\/Crucero-ante-la-entrada-del-Cementerio-Viejo-de-Villamejil.jpg\" alt class=\"img-responsive wp-image-144\" srcset=\"https:\/\/www.elcaminodekunig.com\/wp-content\/uploads\/2019\/04\/Crucero-ante-la-entrada-del-Cementerio-Viejo-de-Villamejil-200x277.jpg 200w, https:\/\/www.elcaminodekunig.com\/wp-content\/uploads\/2019\/04\/Crucero-ante-la-entrada-del-Cementerio-Viejo-de-Villamejil-400x553.jpg 400w, https:\/\/www.elcaminodekunig.com\/wp-content\/uploads\/2019\/04\/Crucero-ante-la-entrada-del-Cementerio-Viejo-de-Villamejil-600x830.jpg 600w, https:\/\/www.elcaminodekunig.com\/wp-content\/uploads\/2019\/04\/Crucero-ante-la-entrada-del-Cementerio-Viejo-de-Villamejil.jpg 616w\" sizes=\"(max-width: 800px) 100vw, 400px\" \/><\/a><\/span><\/div><\/div><div class=\"fusion-clearfix\"><\/div><\/div><\/div><\/div><\/div><div class=\"fusion-fullwidth fullwidth-box fusion-builder-row-4 nonhundred-percent-fullwidth non-hundred-percent-height-scrolling\" style=\"--awb-border-radius-top-left:0px;--awb-border-radius-top-right:0px;--awb-border-radius-bottom-right:0px;--awb-border-radius-bottom-left:0px;--awb-margin-bottom:10px;--awb-flex-wrap:wrap;\" ><div class=\"fusion-builder-row fusion-row\"><div class=\"fusion-layout-column fusion_builder_column fusion-builder-column-6 fusion_builder_column_1_2 1_2 fusion-one-half fusion-column-first\" style=\"--awb-bg-size:cover;--awb-margin-bottom:0px;width:48%; margin-right: 4%;\"><div class=\"fusion-column-wrapper fusion-flex-column-wrapper-legacy\"><div class=\"fusion-image-carousel fusion-image-carousel-auto fusion-image-carousel-3 lightbox-enabled fusion-carousel-border\"><div class=\"awb-carousel awb-swiper awb-swiper-carousel awb-swiper-dots-position-bottom awb-carousel--carousel\" data-layout=\"carousel\" data-autoplay=\"no\" data-autoplayspeed=\"2500\" data-autoplaypause=\"no\" data-columns=\"1\" data-itemmargin=\"13\" data-itemwidth=\"180\" data-touchscroll=\"no\" data-freemode=\"no\" data-imagesize=\"auto\" data-scrollitems=\"0\" data-centeredslides=\"no\" data-rotationangle=\"50\" data-depth=\"100\" data-speed=\"500\" data-shadow=\"no\" style=\"--awb-columns:1;--awb-border-width:1px;--awb-border-color:#e9eaee;\"><div class=\"swiper-wrapper awb-image-carousel-wrapper fusion-flex-align-items-center\"><div class=\"swiper-slide\"><div class=\"fusion-carousel-item-wrapper\"><div class=\"fusion-image-wrapper hover-type-zoomin\"><a data-rel=\"iLightbox[image_carousel_3]\" data-caption=\"decomobel\" data-title=\"Bra\u00f1uelas\" aria-label=\"Bra\u00f1uelas\" href=\"https:\/\/www.elcaminodekunig.com\/wp-content\/uploads\/2019\/04\/Bra\u00f1uelas.jpg\" target=\"_self\"><img decoding=\"async\" width=\"1200\" height=\"793\" src=\"https:\/\/www.elcaminodekunig.com\/wp-content\/uploads\/2019\/04\/Bra\u00f1uelas.jpg\" class=\"attachment-full size-full\" alt=\"\" srcset=\"https:\/\/www.elcaminodekunig.com\/wp-content\/uploads\/2019\/04\/Bra\u00f1uelas-200x132.jpg 200w, https:\/\/www.elcaminodekunig.com\/wp-content\/uploads\/2019\/04\/Bra\u00f1uelas-300x198.jpg 300w, https:\/\/www.elcaminodekunig.com\/wp-content\/uploads\/2019\/04\/Bra\u00f1uelas-400x264.jpg 400w, https:\/\/www.elcaminodekunig.com\/wp-content\/uploads\/2019\/04\/Bra\u00f1uelas-600x397.jpg 600w, https:\/\/www.elcaminodekunig.com\/wp-content\/uploads\/2019\/04\/Bra\u00f1uelas-768x508.jpg 768w, https:\/\/www.elcaminodekunig.com\/wp-content\/uploads\/2019\/04\/Bra\u00f1uelas-800x529.jpg 800w, https:\/\/www.elcaminodekunig.com\/wp-content\/uploads\/2019\/04\/Bra\u00f1uelas-1024x677.jpg 1024w, https:\/\/www.elcaminodekunig.com\/wp-content\/uploads\/2019\/04\/Bra\u00f1uelas.jpg 1200w\" sizes=\"(max-width: 1200px) 100vw, 1200px\" \/><\/a><\/div><\/div><\/div><div class=\"swiper-slide\"><div class=\"fusion-carousel-item-wrapper\"><div class=\"fusion-image-wrapper hover-type-zoomin\"><a data-rel=\"iLightbox[image_carousel_3]\" data-caption=\"Oto\u00f1o en el despoblado de Cerezal, al borde del r\u00edo Tremor. Imagen de Guiarte.com\" data-title=\"Borde del r\u00edo Tremor\" aria-label=\"Borde del r\u00edo Tremor\" href=\"https:\/\/www.elcaminodekunig.com\/wp-content\/uploads\/2019\/04\/Borde-del-r\u00edo-Tremor.jpg\" target=\"_self\"><img decoding=\"async\" width=\"1200\" height=\"793\" src=\"https:\/\/www.elcaminodekunig.com\/wp-content\/uploads\/2019\/04\/Borde-del-r\u00edo-Tremor.jpg\" class=\"attachment-full size-full\" alt=\"\" srcset=\"https:\/\/www.elcaminodekunig.com\/wp-content\/uploads\/2019\/04\/Borde-del-r\u00edo-Tremor-200x132.jpg 200w, https:\/\/www.elcaminodekunig.com\/wp-content\/uploads\/2019\/04\/Borde-del-r\u00edo-Tremor-300x198.jpg 300w, https:\/\/www.elcaminodekunig.com\/wp-content\/uploads\/2019\/04\/Borde-del-r\u00edo-Tremor-400x264.jpg 400w, https:\/\/www.elcaminodekunig.com\/wp-content\/uploads\/2019\/04\/Borde-del-r\u00edo-Tremor-600x397.jpg 600w, https:\/\/www.elcaminodekunig.com\/wp-content\/uploads\/2019\/04\/Borde-del-r\u00edo-Tremor-768x508.jpg 768w, https:\/\/www.elcaminodekunig.com\/wp-content\/uploads\/2019\/04\/Borde-del-r\u00edo-Tremor-800x529.jpg 800w, https:\/\/www.elcaminodekunig.com\/wp-content\/uploads\/2019\/04\/Borde-del-r\u00edo-Tremor-1024x677.jpg 1024w, https:\/\/www.elcaminodekunig.com\/wp-content\/uploads\/2019\/04\/Borde-del-r\u00edo-Tremor.jpg 1200w\" sizes=\"(max-width: 1200px) 100vw, 1200px\" \/><\/a><\/div><\/div><\/div><\/div><div class=\"awb-swiper-button awb-swiper-button-prev\"><i class=\"awb-icon-angle-left\" aria-hidden=\"true\"><\/i><\/div><div class=\"awb-swiper-button awb-swiper-button-next\"><i class=\"awb-icon-angle-right\" aria-hidden=\"true\"><\/i><\/div><\/div><\/div><div class=\"fusion-clearfix\"><\/div><\/div><\/div><div class=\"fusion-layout-column fusion_builder_column fusion-builder-column-7 fusion_builder_column_1_2 1_2 fusion-one-half fusion-column-last\" style=\"--awb-bg-size:cover;--awb-margin-bottom:0px;width:48%;\"><div class=\"fusion-column-wrapper fusion-flex-column-wrapper-legacy\"><div class=\"fusion-text fusion-text-4\"><p>Desde el valle del Tuerto hay en realidad dos l\u00edneas paralelas de acceso a Cerezal de Tremor. Por las dos se accede sin subir monta\u00f1as; por ambas hay constancia del flujo de peregrinos y en ambas v\u00edas las monta\u00f1as quedan a la izquierda, como advirti\u00f3 el monje.<\/p>\n<p>Una es el paso al valle del Porcos, subiendo por el territorio del se\u00f1or\u00edo de Valdemagaz. La segunda consiste en ascender por la calzada del Tuerto hasta Sueros, tomando luego direcci\u00f3n oeste, hacia Culebros, para alcanzar por Villagat\u00f3n y Bra\u00f1uelas y descender a Cerezal<\/p>\n<p>Habr\u00eda tambi\u00e9n una tercera alternativa y ser\u00eda la de pasar desde Villamejil en direcci\u00f3n NO hasta la Venta de Adri\u00e1n, desde donde se seguir\u00eda por la calzada de Villagat\u00f3n. Esta ruta es f\u00e1cil y la m\u00e1s corta, aunque no parece concordar con el texto de K\u00fcnig que habla de la existencia de pueblos seguidos uno de otro.<\/p>\n<\/div><div class=\"fusion-clearfix\"><\/div><\/div><\/div><\/div><\/div><div class=\"fusion-fullwidth fullwidth-box fusion-builder-row-5 nonhundred-percent-fullwidth non-hundred-percent-height-scrolling\" style=\"--awb-border-radius-top-left:0px;--awb-border-radius-top-right:0px;--awb-border-radius-bottom-right:0px;--awb-border-radius-bottom-left:0px;--awb-margin-bottom:10px;--awb-flex-wrap:wrap;\" ><div class=\"fusion-builder-row fusion-row\"><div class=\"fusion-layout-column fusion_builder_column fusion-builder-column-8 fusion_builder_column_4_5 4_5 fusion-four-fifth fusion-column-first\" style=\"--awb-bg-size:cover;--awb-margin-bottom:0px;width:79.2%; margin-right: 4%;\"><div class=\"fusion-column-wrapper fusion-flex-column-wrapper-legacy\"><div class=\"fusion-text fusion-text-5\"><p>Superado el paso de los montes de Le\u00f3n, sin pasar monta\u00f1as, Kunig\u00a0 continuar\u00eda por La Ribera y Albares hacia Bembibre, San Rom\u00e1n de Bembibre y de all\u00ed, por San Miguel de las Due\u00f1as, acceder\u00eda a Ponferrada.<\/p>\n<p>En la actualidad, las rutas est\u00e1n en buen estado, salvo la bajada de Cerezal que es de tierra y no es practicable para autom\u00f3viles, salvo veh\u00edculos todoterreno.<\/p>\n<p>En todo el trayecto hay numerosos puntos de asistencia para los viajeros. Bares y restaurantes en muchas poblaciones, al igual que casas rurales hoteles y pensiones, as\u00ed como campings en Santa Marina, Benavides, Villamejil, Bembibre y Ponferrada.<\/p>\n<\/div><div class=\"fusion-clearfix\"><\/div><\/div><\/div><div class=\"fusion-layout-column fusion_builder_column fusion-builder-column-9 fusion_builder_column_1_5 1_5 fusion-one-fifth fusion-column-last\" style=\"--awb-bg-size:cover;--awb-margin-bottom:0px;width:16.8%;\"><div class=\"fusion-column-wrapper fusion-flex-column-wrapper-legacy\"><div class=\"fusion-image-element fusion-image-align-center in-legacy-container\" style=\"text-align:center;--awb-caption-title-font-family:var(--h2_typography-font-family);--awb-caption-title-font-weight:var(--h2_typography-font-weight);--awb-caption-title-font-style:var(--h2_typography-font-style);--awb-caption-title-size:var(--h2_typography-font-size);--awb-caption-title-transform:var(--h2_typography-text-transform);--awb-caption-title-line-height:var(--h2_typography-line-height);--awb-caption-title-letter-spacing:var(--h2_typography-letter-spacing);\"><div class=\"imageframe-align-center\"><span class=\" fusion-imageframe imageframe-none imageframe-2 hover-type-zoomin\"><a href=\"https:\/\/www.elcaminodekunig.com\/wp-content\/uploads\/2019\/04\/Ponferrada.jpg\" class=\"fusion-lightbox\" data-rel=\"iLightbox[fc63f9630a87f4e9859]\" data-caption=\"Ponferrada, donde la variante de K\u00fcnig retorna al itinerario calixtino del Camino Franc\u00e9s. Imagen de Guiarte.com\" data-title=\"Ponferrada\" title=\"Ponferrada\"><img decoding=\"async\" width=\"692\" height=\"900\" src=\"https:\/\/www.elcaminodekunig.com\/wp-content\/uploads\/2019\/04\/Ponferrada.jpg\" alt class=\"img-responsive wp-image-156\" srcset=\"https:\/\/www.elcaminodekunig.com\/wp-content\/uploads\/2019\/04\/Ponferrada-200x260.jpg 200w, https:\/\/www.elcaminodekunig.com\/wp-content\/uploads\/2019\/04\/Ponferrada-400x520.jpg 400w, https:\/\/www.elcaminodekunig.com\/wp-content\/uploads\/2019\/04\/Ponferrada-600x780.jpg 600w, https:\/\/www.elcaminodekunig.com\/wp-content\/uploads\/2019\/04\/Ponferrada.jpg 692w\" sizes=\"(max-width: 800px) 100vw, 400px\" \/><\/a><\/span><\/div><\/div><div class=\"fusion-clearfix\"><\/div><\/div><\/div><\/div><\/div><\/p>\n","protected":false},"excerpt":{"rendered":"","protected":false},"author":1,"featured_media":129,"menu_order":2,"comment_status":"open","ping_status":"closed","template":"","format":"standard","meta":{"footnotes":""},"portfolio_category":[21],"portfolio_skills":[],"portfolio_tags":[],"class_list":["post-198","avada_portfolio","type-avada_portfolio","status-publish","format-standard","has-post-thumbnail","hentry","portfolio_category-epigraphien"],"yoast_head":"<!-- This site is optimized with the Yoast SEO plugin v25.7 - https:\/\/yoast.com\/wordpress\/plugins\/seo\/ -->\n<title>Dritter Epigraph - El camino de K\u00fcnig<\/title>\n<meta name=\"robots\" content=\"index, follow, max-snippet:-1, max-image-preview:large, max-video-preview:-1\" \/>\n<link rel=\"canonical\" href=\"https:\/\/www.elcaminodekunig.com\/de\/portfolio-items\/dritter-epigraph\/\" \/>\n<meta property=\"og:locale\" content=\"de_DE\" \/>\n<meta property=\"og:type\" content=\"article\" \/>\n<meta property=\"og:title\" content=\"Dritter Epigraph - El camino de K\u00fcnig\" \/>\n<meta property=\"og:url\" content=\"https:\/\/www.elcaminodekunig.com\/de\/portfolio-items\/dritter-epigraph\/\" \/>\n<meta property=\"og:site_name\" content=\"El camino de K\u00fcnig\" \/>\n<meta property=\"article:modified_time\" content=\"2019-04-02T09:23:11+00:00\" \/>\n<meta property=\"og:image\" content=\"https:\/\/www.elcaminodekunig.com\/wp-content\/uploads\/2019\/04\/uinas-del-viejo-convento-franciscano-de-Cerezal-de-Tremor.jpg\" \/>\n\t<meta property=\"og:image:width\" content=\"1200\" \/>\n\t<meta property=\"og:image:height\" content=\"793\" \/>\n\t<meta property=\"og:image:type\" content=\"image\/jpeg\" \/>\n<meta name=\"twitter:card\" content=\"summary_large_image\" \/>\n<meta name=\"twitter:label1\" content=\"Gesch\u00e4tzte Lesezeit\" \/>\n\t<meta name=\"twitter:data1\" content=\"13\u00a0Minuten\" \/>\n<script type=\"application\/ld+json\" class=\"yoast-schema-graph\">{\"@context\":\"https:\/\/schema.org\",\"@graph\":[{\"@type\":\"WebPage\",\"@id\":\"https:\/\/www.elcaminodekunig.com\/de\/portfolio-items\/dritter-epigraph\/\",\"url\":\"https:\/\/www.elcaminodekunig.com\/de\/portfolio-items\/dritter-epigraph\/\",\"name\":\"Dritter Epigraph - El camino de K\u00fcnig\",\"isPartOf\":{\"@id\":\"https:\/\/www.elcaminodekunig.com\/#website\"},\"primaryImageOfPage\":{\"@id\":\"https:\/\/www.elcaminodekunig.com\/de\/portfolio-items\/dritter-epigraph\/#primaryimage\"},\"image\":{\"@id\":\"https:\/\/www.elcaminodekunig.com\/de\/portfolio-items\/dritter-epigraph\/#primaryimage\"},\"thumbnailUrl\":\"https:\/\/www.elcaminodekunig.com\/wp-content\/uploads\/2019\/04\/uinas-del-viejo-convento-franciscano-de-Cerezal-de-Tremor.jpg\",\"datePublished\":\"2019-04-02T09:19:09+00:00\",\"dateModified\":\"2019-04-02T09:23:11+00:00\",\"breadcrumb\":{\"@id\":\"https:\/\/www.elcaminodekunig.com\/de\/portfolio-items\/dritter-epigraph\/#breadcrumb\"},\"inLanguage\":\"de\",\"potentialAction\":[{\"@type\":\"ReadAction\",\"target\":[\"https:\/\/www.elcaminodekunig.com\/de\/portfolio-items\/dritter-epigraph\/\"]}]},{\"@type\":\"ImageObject\",\"inLanguage\":\"de\",\"@id\":\"https:\/\/www.elcaminodekunig.com\/de\/portfolio-items\/dritter-epigraph\/#primaryimage\",\"url\":\"https:\/\/www.elcaminodekunig.com\/wp-content\/uploads\/2019\/04\/uinas-del-viejo-convento-franciscano-de-Cerezal-de-Tremor.jpg\",\"contentUrl\":\"https:\/\/www.elcaminodekunig.com\/wp-content\/uploads\/2019\/04\/uinas-del-viejo-convento-franciscano-de-Cerezal-de-Tremor.jpg\",\"width\":1200,\"height\":793,\"caption\":\"Ruinas del viejo convento franciscano de Cerezal de Tremor, punto clave del paso de los Montes de Le\u00f3n, en el trayecto de K\u00fcnig. Imagen de Guiarte.com\"},{\"@type\":\"BreadcrumbList\",\"@id\":\"https:\/\/www.elcaminodekunig.com\/de\/portfolio-items\/dritter-epigraph\/#breadcrumb\",\"itemListElement\":[{\"@type\":\"ListItem\",\"position\":1,\"name\":\"Portada\",\"item\":\"https:\/\/www.elcaminodekunig.com\/de\/\"},{\"@type\":\"ListItem\",\"position\":2,\"name\":\"Portfolio\",\"item\":\"https:\/\/www.elcaminodekunig.com\/portfolio-items\/\"},{\"@type\":\"ListItem\",\"position\":3,\"name\":\"Dritter Epigraph\"}]},{\"@type\":\"WebSite\",\"@id\":\"https:\/\/www.elcaminodekunig.com\/#website\",\"url\":\"https:\/\/www.elcaminodekunig.com\/\",\"name\":\"El camino de K\u00fcnig\",\"description\":\"En el tramo final del siglo XV, un monje de nombre Hermann K\u00fcnig, perteneciente al convento que la orden de los Siervos de Mar\u00eda ten\u00eda en Vach (Vacha), en el actual estado alem\u00e1n de Turingia, decidi\u00f3 peregrinar al extremo noroccidental de Espa\u00f1a, para visitar la tumba del ap\u00f3stol Santiago.\",\"potentialAction\":[{\"@type\":\"SearchAction\",\"target\":{\"@type\":\"EntryPoint\",\"urlTemplate\":\"https:\/\/www.elcaminodekunig.com\/?s={search_term_string}\"},\"query-input\":{\"@type\":\"PropertyValueSpecification\",\"valueRequired\":true,\"valueName\":\"search_term_string\"}}],\"inLanguage\":\"de\"}]}<\/script>\n<!-- \/ Yoast SEO plugin. -->","yoast_head_json":{"title":"Dritter Epigraph - El camino de K\u00fcnig","robots":{"index":"index","follow":"follow","max-snippet":"max-snippet:-1","max-image-preview":"max-image-preview:large","max-video-preview":"max-video-preview:-1"},"canonical":"https:\/\/www.elcaminodekunig.com\/de\/portfolio-items\/dritter-epigraph\/","og_locale":"de_DE","og_type":"article","og_title":"Dritter Epigraph - El camino de K\u00fcnig","og_url":"https:\/\/www.elcaminodekunig.com\/de\/portfolio-items\/dritter-epigraph\/","og_site_name":"El camino de K\u00fcnig","article_modified_time":"2019-04-02T09:23:11+00:00","og_image":[{"width":1200,"height":793,"url":"https:\/\/www.elcaminodekunig.com\/wp-content\/uploads\/2019\/04\/uinas-del-viejo-convento-franciscano-de-Cerezal-de-Tremor.jpg","type":"image\/jpeg"}],"twitter_card":"summary_large_image","twitter_misc":{"Gesch\u00e4tzte Lesezeit":"13\u00a0Minuten"},"schema":{"@context":"https:\/\/schema.org","@graph":[{"@type":"WebPage","@id":"https:\/\/www.elcaminodekunig.com\/de\/portfolio-items\/dritter-epigraph\/","url":"https:\/\/www.elcaminodekunig.com\/de\/portfolio-items\/dritter-epigraph\/","name":"Dritter Epigraph - El camino de K\u00fcnig","isPartOf":{"@id":"https:\/\/www.elcaminodekunig.com\/#website"},"primaryImageOfPage":{"@id":"https:\/\/www.elcaminodekunig.com\/de\/portfolio-items\/dritter-epigraph\/#primaryimage"},"image":{"@id":"https:\/\/www.elcaminodekunig.com\/de\/portfolio-items\/dritter-epigraph\/#primaryimage"},"thumbnailUrl":"https:\/\/www.elcaminodekunig.com\/wp-content\/uploads\/2019\/04\/uinas-del-viejo-convento-franciscano-de-Cerezal-de-Tremor.jpg","datePublished":"2019-04-02T09:19:09+00:00","dateModified":"2019-04-02T09:23:11+00:00","breadcrumb":{"@id":"https:\/\/www.elcaminodekunig.com\/de\/portfolio-items\/dritter-epigraph\/#breadcrumb"},"inLanguage":"de","potentialAction":[{"@type":"ReadAction","target":["https:\/\/www.elcaminodekunig.com\/de\/portfolio-items\/dritter-epigraph\/"]}]},{"@type":"ImageObject","inLanguage":"de","@id":"https:\/\/www.elcaminodekunig.com\/de\/portfolio-items\/dritter-epigraph\/#primaryimage","url":"https:\/\/www.elcaminodekunig.com\/wp-content\/uploads\/2019\/04\/uinas-del-viejo-convento-franciscano-de-Cerezal-de-Tremor.jpg","contentUrl":"https:\/\/www.elcaminodekunig.com\/wp-content\/uploads\/2019\/04\/uinas-del-viejo-convento-franciscano-de-Cerezal-de-Tremor.jpg","width":1200,"height":793,"caption":"Ruinas del viejo convento franciscano de Cerezal de Tremor, punto clave del paso de los Montes de Le\u00f3n, en el trayecto de K\u00fcnig. Imagen de Guiarte.com"},{"@type":"BreadcrumbList","@id":"https:\/\/www.elcaminodekunig.com\/de\/portfolio-items\/dritter-epigraph\/#breadcrumb","itemListElement":[{"@type":"ListItem","position":1,"name":"Portada","item":"https:\/\/www.elcaminodekunig.com\/de\/"},{"@type":"ListItem","position":2,"name":"Portfolio","item":"https:\/\/www.elcaminodekunig.com\/portfolio-items\/"},{"@type":"ListItem","position":3,"name":"Dritter Epigraph"}]},{"@type":"WebSite","@id":"https:\/\/www.elcaminodekunig.com\/#website","url":"https:\/\/www.elcaminodekunig.com\/","name":"El camino de K\u00fcnig","description":"En el tramo final del siglo XV, un monje de nombre Hermann K\u00fcnig, perteneciente al convento que la orden de los Siervos de Mar\u00eda ten\u00eda en Vach (Vacha), en el actual estado alem\u00e1n de Turingia, decidi\u00f3 peregrinar al extremo noroccidental de Espa\u00f1a, para visitar la tumba del ap\u00f3stol Santiago.","potentialAction":[{"@type":"SearchAction","target":{"@type":"EntryPoint","urlTemplate":"https:\/\/www.elcaminodekunig.com\/?s={search_term_string}"},"query-input":{"@type":"PropertyValueSpecification","valueRequired":true,"valueName":"search_term_string"}}],"inLanguage":"de"}]}},"_links":{"self":[{"href":"https:\/\/www.elcaminodekunig.com\/de\/wp-json\/wp\/v2\/avada_portfolio\/198","targetHints":{"allow":["GET"]}}],"collection":[{"href":"https:\/\/www.elcaminodekunig.com\/de\/wp-json\/wp\/v2\/avada_portfolio"}],"about":[{"href":"https:\/\/www.elcaminodekunig.com\/de\/wp-json\/wp\/v2\/types\/avada_portfolio"}],"author":[{"embeddable":true,"href":"https:\/\/www.elcaminodekunig.com\/de\/wp-json\/wp\/v2\/users\/1"}],"replies":[{"embeddable":true,"href":"https:\/\/www.elcaminodekunig.com\/de\/wp-json\/wp\/v2\/comments?post=198"}],"version-history":[{"count":0,"href":"https:\/\/www.elcaminodekunig.com\/de\/wp-json\/wp\/v2\/avada_portfolio\/198\/revisions"}],"wp:featuredmedia":[{"embeddable":true,"href":"https:\/\/www.elcaminodekunig.com\/de\/wp-json\/wp\/v2\/media\/129"}],"wp:attachment":[{"href":"https:\/\/www.elcaminodekunig.com\/de\/wp-json\/wp\/v2\/media?parent=198"}],"wp:term":[{"taxonomy":"portfolio_category","embeddable":true,"href":"https:\/\/www.elcaminodekunig.com\/de\/wp-json\/wp\/v2\/portfolio_category?post=198"},{"taxonomy":"portfolio_skills","embeddable":true,"href":"https:\/\/www.elcaminodekunig.com\/de\/wp-json\/wp\/v2\/portfolio_skills?post=198"},{"taxonomy":"portfolio_tags","embeddable":true,"href":"https:\/\/www.elcaminodekunig.com\/de\/wp-json\/wp\/v2\/portfolio_tags?post=198"}],"curies":[{"name":"wp","href":"https:\/\/api.w.org\/{rel}","templated":true}]}}