{"id":378,"date":"2019-04-11T16:15:29","date_gmt":"2019-04-11T14:15:29","guid":{"rendered":"https:\/\/www.elcaminodekunig.com\/?post_type=avada_portfolio&#038;p=378"},"modified":"2019-04-11T16:16:59","modified_gmt":"2019-04-11T14:16:59","slug":"die-variante-von-lugo","status":"publish","type":"avada_portfolio","link":"https:\/\/www.elcaminodekunig.com\/de\/portfolio-items\/die-variante-von-lugo\/","title":{"rendered":"Die Variante von Lugo"},"content":{"rendered":"<p><div class=\"fusion-fullwidth fullwidth-box fusion-builder-row-1 nonhundred-percent-fullwidth non-hundred-percent-height-scrolling\" style=\"--awb-border-radius-top-left:0px;--awb-border-radius-top-right:0px;--awb-border-radius-bottom-right:0px;--awb-border-radius-bottom-left:0px;--awb-margin-bottom:10px;--awb-flex-wrap:wrap;\" ><div class=\"fusion-builder-row fusion-row\"><div class=\"fusion-layout-column fusion_builder_column fusion-builder-column-0 fusion_builder_column_1_2 1_2 fusion-one-half fusion-column-first\" style=\"--awb-bg-size:cover;--awb-margin-bottom:0px;width:48%; margin-right: 4%;\"><div class=\"fusion-column-wrapper fusion-flex-column-wrapper-legacy\"><div class=\"fusion-text fusion-text-1\"><p>La otra variante en el camino de Hermann K\u00fcnig hacia Compostela, se efect\u00faa entre Villafranca del Bierzo y Melide.<\/p>\n<p>El monje, antes de llegar a La Faba, opta por cruzar hacia Piedrafita del Cebreiro, para dirigirse a Lugo por Becerre\u00e1, pasando luego desde Lugo a Melide, donde se une al cl\u00e1sico itinerario del Camino Franc\u00e9s. De este modo, el viajero llega pasando una cota de 1100 metros, cuando en la sierra del Cebreiro habr\u00eda de superar los 1300.<\/p>\n<p>En virtud de la descripci\u00f3n del viajero alem\u00e1n, tras pasar por Villafranca del Bierzo, continuar\u00eda la ruta por el valle del rio Valcarce para remontar el puerto de Piedrafita por el valle del rio Las Lamas.<\/p>\n<\/div><div class=\"fusion-clearfix\"><\/div><\/div><\/div><div class=\"fusion-layout-column fusion_builder_column fusion-builder-column-1 fusion_builder_column_1_2 1_2 fusion-one-half fusion-column-last\" style=\"--awb-bg-size:cover;--awb-margin-bottom:0px;width:48%;\"><div class=\"fusion-column-wrapper fusion-flex-column-wrapper-legacy\"><div class=\"fusion-image-carousel fusion-image-carousel-auto fusion-image-carousel-1 lightbox-enabled fusion-carousel-border\"><div class=\"awb-carousel awb-swiper awb-swiper-carousel awb-swiper-dots-position-bottom awb-carousel--carousel\" data-layout=\"carousel\" data-autoplay=\"no\" data-autoplayspeed=\"2500\" data-autoplaypause=\"no\" data-columns=\"1\" data-itemmargin=\"13\" data-itemwidth=\"180\" data-touchscroll=\"no\" data-freemode=\"no\" data-imagesize=\"auto\" data-scrollitems=\"0\" data-centeredslides=\"no\" data-rotationangle=\"50\" data-depth=\"100\" data-speed=\"500\" data-shadow=\"no\" style=\"--awb-columns:1;--awb-border-width:1px;--awb-border-color:#e9eaee;\"><div class=\"swiper-wrapper awb-image-carousel-wrapper fusion-flex-align-items-center\"><div class=\"swiper-slide\"><div class=\"fusion-carousel-item-wrapper\"><div class=\"fusion-image-wrapper hover-type-zoomin\"><a data-rel=\"iLightbox[image_carousel_1]\" data-caption=\"K\u00fcnig dej\u00f3 el itinerario cl\u00e1sico del Camino Franc\u00e9s una vez pasado el lugar de Las Herrer\u00edas, y tras llegar a Lugo, retorn\u00f3 al trayecto calixtino en Melide.\" data-title=\"El paso de Hermann K\u00fcnig por la variente de Lugo\" aria-label=\"El paso de Hermann K\u00fcnig por la variente de Lugo\" href=\"https:\/\/www.elcaminodekunig.com\/wp-content\/uploads\/2019\/04\/El-paso-de-Hermann-K\u00fcnig-por-la-variente-de-Lugo.jpg\" target=\"_self\"><img decoding=\"async\" width=\"1200\" height=\"717\" src=\"https:\/\/www.elcaminodekunig.com\/wp-content\/uploads\/2019\/04\/El-paso-de-Hermann-K\u00fcnig-por-la-variente-de-Lugo.jpg\" class=\"attachment-full size-full\" alt=\"\" srcset=\"https:\/\/www.elcaminodekunig.com\/wp-content\/uploads\/2019\/04\/El-paso-de-Hermann-K\u00fcnig-por-la-variente-de-Lugo-200x120.jpg 200w, https:\/\/www.elcaminodekunig.com\/wp-content\/uploads\/2019\/04\/El-paso-de-Hermann-K\u00fcnig-por-la-variente-de-Lugo-300x179.jpg 300w, https:\/\/www.elcaminodekunig.com\/wp-content\/uploads\/2019\/04\/El-paso-de-Hermann-K\u00fcnig-por-la-variente-de-Lugo-400x239.jpg 400w, https:\/\/www.elcaminodekunig.com\/wp-content\/uploads\/2019\/04\/El-paso-de-Hermann-K\u00fcnig-por-la-variente-de-Lugo-600x359.jpg 600w, https:\/\/www.elcaminodekunig.com\/wp-content\/uploads\/2019\/04\/El-paso-de-Hermann-K\u00fcnig-por-la-variente-de-Lugo-768x459.jpg 768w, https:\/\/www.elcaminodekunig.com\/wp-content\/uploads\/2019\/04\/El-paso-de-Hermann-K\u00fcnig-por-la-variente-de-Lugo-800x478.jpg 800w, https:\/\/www.elcaminodekunig.com\/wp-content\/uploads\/2019\/04\/El-paso-de-Hermann-K\u00fcnig-por-la-variente-de-Lugo-1024x612.jpg 1024w, https:\/\/www.elcaminodekunig.com\/wp-content\/uploads\/2019\/04\/El-paso-de-Hermann-K\u00fcnig-por-la-variente-de-Lugo.jpg 1200w\" sizes=\"(max-width: 1200px) 100vw, 1200px\" \/><\/a><\/div><\/div><\/div><\/div><div class=\"awb-swiper-button awb-swiper-button-prev\"><i class=\"awb-icon-angle-left\" aria-hidden=\"true\"><\/i><\/div><div class=\"awb-swiper-button awb-swiper-button-next\"><i class=\"awb-icon-angle-right\" aria-hidden=\"true\"><\/i><\/div><\/div><\/div><div class=\"fusion-clearfix\"><\/div><\/div><\/div><\/div><\/div><div class=\"fusion-fullwidth fullwidth-box fusion-builder-row-2 nonhundred-percent-fullwidth non-hundred-percent-height-scrolling\" style=\"--awb-border-radius-top-left:0px;--awb-border-radius-top-right:0px;--awb-border-radius-bottom-right:0px;--awb-border-radius-bottom-left:0px;--awb-margin-bottom:10px;--awb-flex-wrap:wrap;\" ><div class=\"fusion-builder-row fusion-row\"><div class=\"fusion-layout-column fusion_builder_column fusion-builder-column-2 fusion_builder_column_1_2 1_2 fusion-one-half fusion-column-first\" style=\"--awb-bg-size:cover;--awb-margin-bottom:0px;width:48%; margin-right: 4%;\"><div class=\"fusion-column-wrapper fusion-flex-column-wrapper-legacy\"><div class=\"fusion-image-carousel fusion-image-carousel-auto fusion-image-carousel-2 lightbox-enabled fusion-carousel-border\"><div class=\"awb-carousel awb-swiper awb-swiper-carousel awb-swiper-dots-position-bottom awb-carousel--carousel\" data-layout=\"carousel\" data-autoplay=\"no\" data-autoplayspeed=\"2500\" data-autoplaypause=\"no\" data-columns=\"1\" data-itemmargin=\"13\" data-itemwidth=\"180\" data-touchscroll=\"no\" data-freemode=\"no\" data-imagesize=\"auto\" data-scrollitems=\"0\" data-centeredslides=\"no\" data-rotationangle=\"50\" data-depth=\"100\" data-speed=\"500\" data-shadow=\"no\" style=\"--awb-columns:1;--awb-border-width:1px;--awb-border-color:#e9eaee;\"><div class=\"swiper-wrapper awb-image-carousel-wrapper fusion-flex-align-items-center\"><div class=\"swiper-slide\"><div class=\"fusion-carousel-item-wrapper\"><div class=\"fusion-image-wrapper hover-type-zoomin\"><a data-rel=\"iLightbox[image_carousel_2]\" data-caption=\"Monasterio de Santa Mar\u00eda de Penamaior, una joya rom\u00e1nica escondida entre Becerre\u00e1 y Baralla. Imagen de Guiarte.com\" data-title=\"Monasterio de Santa Mar\u00eda de Penamaior\" aria-label=\"Monasterio de Santa Mar\u00eda de Penamaior\" href=\"https:\/\/www.elcaminodekunig.com\/wp-content\/uploads\/2019\/04\/Monasterio-de-Santa-Mar\u00eda-de-Penamaior.jpg\" target=\"_self\"><img decoding=\"async\" width=\"1200\" height=\"1200\" src=\"https:\/\/www.elcaminodekunig.com\/wp-content\/uploads\/2019\/04\/Monasterio-de-Santa-Mar\u00eda-de-Penamaior.jpg\" class=\"attachment-full size-full\" alt=\"\" srcset=\"https:\/\/www.elcaminodekunig.com\/wp-content\/uploads\/2019\/04\/Monasterio-de-Santa-Mar\u00eda-de-Penamaior-66x66.jpg 66w, https:\/\/www.elcaminodekunig.com\/wp-content\/uploads\/2019\/04\/Monasterio-de-Santa-Mar\u00eda-de-Penamaior-150x150.jpg 150w, https:\/\/www.elcaminodekunig.com\/wp-content\/uploads\/2019\/04\/Monasterio-de-Santa-Mar\u00eda-de-Penamaior-200x200.jpg 200w, https:\/\/www.elcaminodekunig.com\/wp-content\/uploads\/2019\/04\/Monasterio-de-Santa-Mar\u00eda-de-Penamaior-300x300.jpg 300w, https:\/\/www.elcaminodekunig.com\/wp-content\/uploads\/2019\/04\/Monasterio-de-Santa-Mar\u00eda-de-Penamaior-400x400.jpg 400w, https:\/\/www.elcaminodekunig.com\/wp-content\/uploads\/2019\/04\/Monasterio-de-Santa-Mar\u00eda-de-Penamaior-600x600.jpg 600w, https:\/\/www.elcaminodekunig.com\/wp-content\/uploads\/2019\/04\/Monasterio-de-Santa-Mar\u00eda-de-Penamaior-768x768.jpg 768w, https:\/\/www.elcaminodekunig.com\/wp-content\/uploads\/2019\/04\/Monasterio-de-Santa-Mar\u00eda-de-Penamaior-800x800.jpg 800w, https:\/\/www.elcaminodekunig.com\/wp-content\/uploads\/2019\/04\/Monasterio-de-Santa-Mar\u00eda-de-Penamaior-1024x1024.jpg 1024w, https:\/\/www.elcaminodekunig.com\/wp-content\/uploads\/2019\/04\/Monasterio-de-Santa-Mar\u00eda-de-Penamaior.jpg 1200w\" sizes=\"(max-width: 1200px) 100vw, 1200px\" \/><\/a><\/div><\/div><\/div><div class=\"swiper-slide\"><div class=\"fusion-carousel-item-wrapper\"><div class=\"fusion-image-wrapper hover-type-zoomin\"><a data-rel=\"iLightbox[image_carousel_2]\" data-caption=\"Las torres de la catedral de Lugo\" data-title=\"Las torres de la catedral de Lugo\" aria-label=\"Las torres de la catedral de Lugo\" href=\"https:\/\/www.elcaminodekunig.com\/wp-content\/uploads\/2019\/04\/Las-torres-de-la-catedral-de-Lugo.jpg\" target=\"_self\"><img decoding=\"async\" width=\"1200\" height=\"1200\" src=\"https:\/\/www.elcaminodekunig.com\/wp-content\/uploads\/2019\/04\/Las-torres-de-la-catedral-de-Lugo.jpg\" class=\"attachment-full size-full\" alt=\"\" srcset=\"https:\/\/www.elcaminodekunig.com\/wp-content\/uploads\/2019\/04\/Las-torres-de-la-catedral-de-Lugo-66x66.jpg 66w, https:\/\/www.elcaminodekunig.com\/wp-content\/uploads\/2019\/04\/Las-torres-de-la-catedral-de-Lugo-150x150.jpg 150w, https:\/\/www.elcaminodekunig.com\/wp-content\/uploads\/2019\/04\/Las-torres-de-la-catedral-de-Lugo-200x200.jpg 200w, https:\/\/www.elcaminodekunig.com\/wp-content\/uploads\/2019\/04\/Las-torres-de-la-catedral-de-Lugo-300x300.jpg 300w, https:\/\/www.elcaminodekunig.com\/wp-content\/uploads\/2019\/04\/Las-torres-de-la-catedral-de-Lugo-400x400.jpg 400w, https:\/\/www.elcaminodekunig.com\/wp-content\/uploads\/2019\/04\/Las-torres-de-la-catedral-de-Lugo-600x600.jpg 600w, https:\/\/www.elcaminodekunig.com\/wp-content\/uploads\/2019\/04\/Las-torres-de-la-catedral-de-Lugo-768x768.jpg 768w, https:\/\/www.elcaminodekunig.com\/wp-content\/uploads\/2019\/04\/Las-torres-de-la-catedral-de-Lugo-800x800.jpg 800w, https:\/\/www.elcaminodekunig.com\/wp-content\/uploads\/2019\/04\/Las-torres-de-la-catedral-de-Lugo-1024x1024.jpg 1024w, https:\/\/www.elcaminodekunig.com\/wp-content\/uploads\/2019\/04\/Las-torres-de-la-catedral-de-Lugo.jpg 1200w\" sizes=\"(max-width: 1200px) 100vw, 1200px\" \/><\/a><\/div><\/div><\/div><div class=\"swiper-slide\"><div class=\"fusion-carousel-item-wrapper\"><div class=\"fusion-image-wrapper hover-type-zoomin\"><a data-rel=\"iLightbox[image_carousel_2]\" data-caption=\"Cuando el viajero alem\u00e1n pas\u00f3 por Melide ya estaba all\u00ed este crucero, que dicen es el m\u00e1s antiguo de Galicia. Imagen de Guiarte.com\" data-title=\"Crucero de Melide\" aria-label=\"Crucero de Melide\" href=\"https:\/\/www.elcaminodekunig.com\/wp-content\/uploads\/2019\/04\/Crucero-de-Melide.jpg\" target=\"_self\"><img decoding=\"async\" width=\"1200\" height=\"1200\" src=\"https:\/\/www.elcaminodekunig.com\/wp-content\/uploads\/2019\/04\/Crucero-de-Melide.jpg\" class=\"attachment-full size-full\" alt=\"\" srcset=\"https:\/\/www.elcaminodekunig.com\/wp-content\/uploads\/2019\/04\/Crucero-de-Melide-66x66.jpg 66w, https:\/\/www.elcaminodekunig.com\/wp-content\/uploads\/2019\/04\/Crucero-de-Melide-150x150.jpg 150w, https:\/\/www.elcaminodekunig.com\/wp-content\/uploads\/2019\/04\/Crucero-de-Melide-200x200.jpg 200w, https:\/\/www.elcaminodekunig.com\/wp-content\/uploads\/2019\/04\/Crucero-de-Melide-300x300.jpg 300w, https:\/\/www.elcaminodekunig.com\/wp-content\/uploads\/2019\/04\/Crucero-de-Melide-400x400.jpg 400w, https:\/\/www.elcaminodekunig.com\/wp-content\/uploads\/2019\/04\/Crucero-de-Melide-600x600.jpg 600w, https:\/\/www.elcaminodekunig.com\/wp-content\/uploads\/2019\/04\/Crucero-de-Melide-768x768.jpg 768w, https:\/\/www.elcaminodekunig.com\/wp-content\/uploads\/2019\/04\/Crucero-de-Melide-800x800.jpg 800w, https:\/\/www.elcaminodekunig.com\/wp-content\/uploads\/2019\/04\/Crucero-de-Melide-1024x1024.jpg 1024w, https:\/\/www.elcaminodekunig.com\/wp-content\/uploads\/2019\/04\/Crucero-de-Melide.jpg 1200w\" sizes=\"(max-width: 1200px) 100vw, 1200px\" \/><\/a><\/div><\/div><\/div><\/div><div class=\"awb-swiper-button awb-swiper-button-prev\"><i class=\"awb-icon-angle-left\" aria-hidden=\"true\"><\/i><\/div><div class=\"awb-swiper-button awb-swiper-button-next\"><i class=\"awb-icon-angle-right\" aria-hidden=\"true\"><\/i><\/div><\/div><\/div><div class=\"fusion-clearfix\"><\/div><\/div><\/div><div class=\"fusion-layout-column fusion_builder_column fusion-builder-column-3 fusion_builder_column_1_2 1_2 fusion-one-half fusion-column-last\" style=\"--awb-bg-size:cover;--awb-margin-bottom:0px;width:48%;\"><div class=\"fusion-column-wrapper fusion-flex-column-wrapper-legacy\"><div class=\"fusion-text fusion-text-2\"><p>De nuevo, el relato del monje es muy concreto. Advierte que \u201csi no quieres coger el camino por el monte de Allefaber (La Faba), d\u00e9jalo a tu izquierda\u201d. Esta disyuntiva se le plantea al viajero al llegar al pueblo de Las Herrer\u00edas.<\/p>\n<p>Advierte el monje alem\u00e1n que desde este punto, a dos meilen \u201cencuentras r\u00e1pido un pueblo\u201d. Se trata de Piedrafita del Cebreiro (a algo m\u00e1s de ocho kil\u00f3metros)<\/p>\n<p>El siguiente punto aludido es Becerre\u00e1, a cinco leguas y sobre una monta\u00f1a. Luego el viajero avanza hasta Lugo. La descripci\u00f3n de la ciudad de Lugo es elogiosa:<\/p>\n<blockquote>\n<p><em>\u201cLa ciudad est\u00e1 construida de manera inusual, <\/em><em>es por ello que todos la observan con placer&#8220;.<\/em><\/p>\n<\/blockquote>\n<p>Tras sobrepasar la corriente del Mi\u00f1o, K\u00fcnig prolongar\u00e1 sus pasos hasta Melide, la que denomina\u00a0 como\u00a0 <em>\u201cciudad destruida\u201d y donde recupera el itinerario cl\u00e1sico del c\u00f3dice Calixtino.<\/em><\/p>\n<p>No cabe duda que Melide, pocos a\u00f1os antes de que pasara K\u00fcnig por dicha poblaci\u00f3n, hab\u00eda quedado gravemente da\u00f1ada por las luchas irmandinas, que causaron la destrucci\u00f3n de las murallas y el castillo. El viajero de Vach a\u00fan fue un testigo asombrado de los destrozos.<\/p>\n<\/div><div class=\"fusion-clearfix\"><\/div><\/div><\/div><\/div><\/div><\/p>\n","protected":false},"excerpt":{"rendered":"","protected":false},"author":1,"featured_media":354,"menu_order":3,"comment_status":"open","ping_status":"closed","template":"","format":"standard","meta":{"footnotes":""},"portfolio_category":[21],"portfolio_skills":[],"portfolio_tags":[],"class_list":["post-378","avada_portfolio","type-avada_portfolio","status-publish","format-standard","has-post-thumbnail","hentry","portfolio_category-epigraphien"],"yoast_head":"<!-- This site is optimized with the Yoast SEO plugin v25.7 - https:\/\/yoast.com\/wordpress\/plugins\/seo\/ -->\n<title>Die Variante von Lugo - El camino de K\u00fcnig<\/title>\n<meta name=\"robots\" content=\"index, follow, max-snippet:-1, max-image-preview:large, max-video-preview:-1\" \/>\n<link rel=\"canonical\" href=\"https:\/\/www.elcaminodekunig.com\/de\/portfolio-items\/die-variante-von-lugo\/\" \/>\n<meta property=\"og:locale\" content=\"de_DE\" \/>\n<meta property=\"og:type\" content=\"article\" \/>\n<meta property=\"og:title\" content=\"Die Variante von Lugo - El camino de K\u00fcnig\" \/>\n<meta property=\"og:url\" content=\"https:\/\/www.elcaminodekunig.com\/de\/portfolio-items\/die-variante-von-lugo\/\" \/>\n<meta property=\"og:site_name\" content=\"El camino de K\u00fcnig\" \/>\n<meta property=\"article:modified_time\" content=\"2019-04-11T14:16:59+00:00\" \/>\n<meta property=\"og:image\" content=\"https:\/\/www.elcaminodekunig.com\/wp-content\/uploads\/2019\/04\/La-variante-de-Lugo.jpg\" \/>\n\t<meta property=\"og:image:width\" content=\"1200\" \/>\n\t<meta property=\"og:image:height\" content=\"793\" \/>\n\t<meta property=\"og:image:type\" content=\"image\/jpeg\" \/>\n<meta name=\"twitter:card\" content=\"summary_large_image\" \/>\n<meta name=\"twitter:label1\" content=\"Gesch\u00e4tzte Lesezeit\" \/>\n\t<meta name=\"twitter:data1\" content=\"5\u00a0Minuten\" \/>\n<script type=\"application\/ld+json\" class=\"yoast-schema-graph\">{\"@context\":\"https:\/\/schema.org\",\"@graph\":[{\"@type\":\"WebPage\",\"@id\":\"https:\/\/www.elcaminodekunig.com\/de\/portfolio-items\/die-variante-von-lugo\/\",\"url\":\"https:\/\/www.elcaminodekunig.com\/de\/portfolio-items\/die-variante-von-lugo\/\",\"name\":\"Die Variante von Lugo - El camino de K\u00fcnig\",\"isPartOf\":{\"@id\":\"https:\/\/www.elcaminodekunig.com\/#website\"},\"primaryImageOfPage\":{\"@id\":\"https:\/\/www.elcaminodekunig.com\/de\/portfolio-items\/die-variante-von-lugo\/#primaryimage\"},\"image\":{\"@id\":\"https:\/\/www.elcaminodekunig.com\/de\/portfolio-items\/die-variante-von-lugo\/#primaryimage\"},\"thumbnailUrl\":\"https:\/\/www.elcaminodekunig.com\/wp-content\/uploads\/2019\/04\/La-variante-de-Lugo.jpg\",\"datePublished\":\"2019-04-11T14:15:29+00:00\",\"dateModified\":\"2019-04-11T14:16:59+00:00\",\"breadcrumb\":{\"@id\":\"https:\/\/www.elcaminodekunig.com\/de\/portfolio-items\/die-variante-von-lugo\/#breadcrumb\"},\"inLanguage\":\"de\",\"potentialAction\":[{\"@type\":\"ReadAction\",\"target\":[\"https:\/\/www.elcaminodekunig.com\/de\/portfolio-items\/die-variante-von-lugo\/\"]}]},{\"@type\":\"ImageObject\",\"inLanguage\":\"de\",\"@id\":\"https:\/\/www.elcaminodekunig.com\/de\/portfolio-items\/die-variante-von-lugo\/#primaryimage\",\"url\":\"https:\/\/www.elcaminodekunig.com\/wp-content\/uploads\/2019\/04\/La-variante-de-Lugo.jpg\",\"contentUrl\":\"https:\/\/www.elcaminodekunig.com\/wp-content\/uploads\/2019\/04\/La-variante-de-Lugo.jpg\",\"width\":1200,\"height\":793},{\"@type\":\"BreadcrumbList\",\"@id\":\"https:\/\/www.elcaminodekunig.com\/de\/portfolio-items\/die-variante-von-lugo\/#breadcrumb\",\"itemListElement\":[{\"@type\":\"ListItem\",\"position\":1,\"name\":\"Portada\",\"item\":\"https:\/\/www.elcaminodekunig.com\/de\/\"},{\"@type\":\"ListItem\",\"position\":2,\"name\":\"Portfolio\",\"item\":\"https:\/\/www.elcaminodekunig.com\/portfolio-items\/\"},{\"@type\":\"ListItem\",\"position\":3,\"name\":\"Die Variante von Lugo\"}]},{\"@type\":\"WebSite\",\"@id\":\"https:\/\/www.elcaminodekunig.com\/#website\",\"url\":\"https:\/\/www.elcaminodekunig.com\/\",\"name\":\"El camino de K\u00fcnig\",\"description\":\"En el tramo final del siglo XV, un monje de nombre Hermann K\u00fcnig, perteneciente al convento que la orden de los Siervos de Mar\u00eda ten\u00eda en Vach (Vacha), en el actual estado alem\u00e1n de Turingia, decidi\u00f3 peregrinar al extremo noroccidental de Espa\u00f1a, para visitar la tumba del ap\u00f3stol Santiago.\",\"potentialAction\":[{\"@type\":\"SearchAction\",\"target\":{\"@type\":\"EntryPoint\",\"urlTemplate\":\"https:\/\/www.elcaminodekunig.com\/?s={search_term_string}\"},\"query-input\":{\"@type\":\"PropertyValueSpecification\",\"valueRequired\":true,\"valueName\":\"search_term_string\"}}],\"inLanguage\":\"de\"}]}<\/script>\n<!-- \/ Yoast SEO plugin. -->","yoast_head_json":{"title":"Die Variante von Lugo - El camino de K\u00fcnig","robots":{"index":"index","follow":"follow","max-snippet":"max-snippet:-1","max-image-preview":"max-image-preview:large","max-video-preview":"max-video-preview:-1"},"canonical":"https:\/\/www.elcaminodekunig.com\/de\/portfolio-items\/die-variante-von-lugo\/","og_locale":"de_DE","og_type":"article","og_title":"Die Variante von Lugo - El camino de K\u00fcnig","og_url":"https:\/\/www.elcaminodekunig.com\/de\/portfolio-items\/die-variante-von-lugo\/","og_site_name":"El camino de K\u00fcnig","article_modified_time":"2019-04-11T14:16:59+00:00","og_image":[{"width":1200,"height":793,"url":"https:\/\/www.elcaminodekunig.com\/wp-content\/uploads\/2019\/04\/La-variante-de-Lugo.jpg","type":"image\/jpeg"}],"twitter_card":"summary_large_image","twitter_misc":{"Gesch\u00e4tzte Lesezeit":"5\u00a0Minuten"},"schema":{"@context":"https:\/\/schema.org","@graph":[{"@type":"WebPage","@id":"https:\/\/www.elcaminodekunig.com\/de\/portfolio-items\/die-variante-von-lugo\/","url":"https:\/\/www.elcaminodekunig.com\/de\/portfolio-items\/die-variante-von-lugo\/","name":"Die Variante von Lugo - El camino de K\u00fcnig","isPartOf":{"@id":"https:\/\/www.elcaminodekunig.com\/#website"},"primaryImageOfPage":{"@id":"https:\/\/www.elcaminodekunig.com\/de\/portfolio-items\/die-variante-von-lugo\/#primaryimage"},"image":{"@id":"https:\/\/www.elcaminodekunig.com\/de\/portfolio-items\/die-variante-von-lugo\/#primaryimage"},"thumbnailUrl":"https:\/\/www.elcaminodekunig.com\/wp-content\/uploads\/2019\/04\/La-variante-de-Lugo.jpg","datePublished":"2019-04-11T14:15:29+00:00","dateModified":"2019-04-11T14:16:59+00:00","breadcrumb":{"@id":"https:\/\/www.elcaminodekunig.com\/de\/portfolio-items\/die-variante-von-lugo\/#breadcrumb"},"inLanguage":"de","potentialAction":[{"@type":"ReadAction","target":["https:\/\/www.elcaminodekunig.com\/de\/portfolio-items\/die-variante-von-lugo\/"]}]},{"@type":"ImageObject","inLanguage":"de","@id":"https:\/\/www.elcaminodekunig.com\/de\/portfolio-items\/die-variante-von-lugo\/#primaryimage","url":"https:\/\/www.elcaminodekunig.com\/wp-content\/uploads\/2019\/04\/La-variante-de-Lugo.jpg","contentUrl":"https:\/\/www.elcaminodekunig.com\/wp-content\/uploads\/2019\/04\/La-variante-de-Lugo.jpg","width":1200,"height":793},{"@type":"BreadcrumbList","@id":"https:\/\/www.elcaminodekunig.com\/de\/portfolio-items\/die-variante-von-lugo\/#breadcrumb","itemListElement":[{"@type":"ListItem","position":1,"name":"Portada","item":"https:\/\/www.elcaminodekunig.com\/de\/"},{"@type":"ListItem","position":2,"name":"Portfolio","item":"https:\/\/www.elcaminodekunig.com\/portfolio-items\/"},{"@type":"ListItem","position":3,"name":"Die Variante von Lugo"}]},{"@type":"WebSite","@id":"https:\/\/www.elcaminodekunig.com\/#website","url":"https:\/\/www.elcaminodekunig.com\/","name":"El camino de K\u00fcnig","description":"En el tramo final del siglo XV, un monje de nombre Hermann K\u00fcnig, perteneciente al convento que la orden de los Siervos de Mar\u00eda ten\u00eda en Vach (Vacha), en el actual estado alem\u00e1n de Turingia, decidi\u00f3 peregrinar al extremo noroccidental de Espa\u00f1a, para visitar la tumba del ap\u00f3stol Santiago.","potentialAction":[{"@type":"SearchAction","target":{"@type":"EntryPoint","urlTemplate":"https:\/\/www.elcaminodekunig.com\/?s={search_term_string}"},"query-input":{"@type":"PropertyValueSpecification","valueRequired":true,"valueName":"search_term_string"}}],"inLanguage":"de"}]}},"_links":{"self":[{"href":"https:\/\/www.elcaminodekunig.com\/de\/wp-json\/wp\/v2\/avada_portfolio\/378","targetHints":{"allow":["GET"]}}],"collection":[{"href":"https:\/\/www.elcaminodekunig.com\/de\/wp-json\/wp\/v2\/avada_portfolio"}],"about":[{"href":"https:\/\/www.elcaminodekunig.com\/de\/wp-json\/wp\/v2\/types\/avada_portfolio"}],"author":[{"embeddable":true,"href":"https:\/\/www.elcaminodekunig.com\/de\/wp-json\/wp\/v2\/users\/1"}],"replies":[{"embeddable":true,"href":"https:\/\/www.elcaminodekunig.com\/de\/wp-json\/wp\/v2\/comments?post=378"}],"version-history":[{"count":0,"href":"https:\/\/www.elcaminodekunig.com\/de\/wp-json\/wp\/v2\/avada_portfolio\/378\/revisions"}],"wp:featuredmedia":[{"embeddable":true,"href":"https:\/\/www.elcaminodekunig.com\/de\/wp-json\/wp\/v2\/media\/354"}],"wp:attachment":[{"href":"https:\/\/www.elcaminodekunig.com\/de\/wp-json\/wp\/v2\/media?parent=378"}],"wp:term":[{"taxonomy":"portfolio_category","embeddable":true,"href":"https:\/\/www.elcaminodekunig.com\/de\/wp-json\/wp\/v2\/portfolio_category?post=378"},{"taxonomy":"portfolio_skills","embeddable":true,"href":"https:\/\/www.elcaminodekunig.com\/de\/wp-json\/wp\/v2\/portfolio_skills?post=378"},{"taxonomy":"portfolio_tags","embeddable":true,"href":"https:\/\/www.elcaminodekunig.com\/de\/wp-json\/wp\/v2\/portfolio_tags?post=378"}],"curies":[{"name":"wp","href":"https:\/\/api.w.org\/{rel}","templated":true}]}}