{"id":305,"date":"2019-04-10T11:43:53","date_gmt":"2019-04-10T09:43:53","guid":{"rendered":"https:\/\/www.elcaminodekunig.com\/?page_id=305"},"modified":"2019-04-11T16:18:07","modified_gmt":"2019-04-11T14:18:07","slug":"der-weg","status":"publish","type":"page","link":"https:\/\/www.elcaminodekunig.com\/de\/der-weg\/","title":{"rendered":"Der Weg"},"content":{"rendered":"<div class=\"fusion-fullwidth fullwidth-box fusion-builder-row-1 nonhundred-percent-fullwidth non-hundred-percent-height-scrolling\" style=\"--awb-border-radius-top-left:0px;--awb-border-radius-top-right:0px;--awb-border-radius-bottom-right:0px;--awb-border-radius-bottom-left:0px;--awb-flex-wrap:wrap;\" ><div class=\"fusion-builder-row fusion-row\"><div class=\"fusion-layout-column fusion_builder_column fusion-builder-column-0 fusion_builder_column_1_1 1_1 fusion-one-full fusion-column-first fusion-column-last\" style=\"--awb-bg-size:cover;--awb-margin-bottom:0px;\"><div class=\"fusion-column-wrapper fusion-flex-column-wrapper-legacy\"><style type=\"text\/css\">.fusion-portfolio-wrapper#fusion-portfolio-1 .fusion-portfolio-content{  text-align: left; }<\/style><div class=\"fusion-recent-works fusion-portfolio-element fusion-portfolio fusion-portfolio-1 fusion-portfolio-grid fusion-portfolio-paging-none fusion-portfolio-four fusion-portfolio-unboxed fusion-portfolio-text fusion-portfolio-rollover\" data-id=\"-rw-1\" data-columns=\"four\"><style type=\"text\/css\">.fusion-portfolio-1 .fusion-portfolio-wrapper .fusion-col-spacing{padding:10px;}<\/style><div class=\"fusion-portfolio-wrapper\" id=\"fusion-portfolio-1\" data-picturesize=\"auto\" data-pages=\"1\" style=\"margin:-10px;\"><article id=\"portfolio-1-post-190\" class=\"fusion-portfolio-post epigraphien fusion-col-spacing post-190\"><div class=\"fusion-portfolio-content-wrapper\" style=\"border:none;\"><span class=\"vcard rich-snippet-hidden\"><span class=\"fn\"><a href=\"https:\/\/www.elcaminodekunig.com\/de\/author\/admin\/\" title=\"Beitr\u00e4ge von admin\" rel=\"author\">admin<\/a><\/span><\/span><span class=\"updated rich-snippet-hidden\">2019-04-02T11:23:03+02:00<\/span><div  class=\"fusion-image-wrapper\" aria-haspopup=\"true\">\n\t\t\t\t<img decoding=\"async\" width=\"1200\" height=\"793\" src=\"https:\/\/www.elcaminodekunig.com\/wp-content\/uploads\/2019\/04\/web3.jpg\" class=\"attachment-full size-full wp-post-image\" alt=\"Monasterio de Einsiedeln, en el norte de Suiza, donde arranca la gu\u00eda de Hermann K\u00fcnig. Imagen de Heinz Schwab\/ Switzerland Tourism\" srcset=\"https:\/\/www.elcaminodekunig.com\/wp-content\/uploads\/2019\/04\/web3-200x132.jpg 200w, https:\/\/www.elcaminodekunig.com\/wp-content\/uploads\/2019\/04\/web3-400x264.jpg 400w, https:\/\/www.elcaminodekunig.com\/wp-content\/uploads\/2019\/04\/web3-600x397.jpg 600w, https:\/\/www.elcaminodekunig.com\/wp-content\/uploads\/2019\/04\/web3-800x529.jpg 800w, https:\/\/www.elcaminodekunig.com\/wp-content\/uploads\/2019\/04\/web3.jpg 1200w\" sizes=\"(min-width: 2200px) 100vw, (min-width: 856px) 285px, (min-width: 784px) 380px, (min-width: 712px) 570px, (min-width: 640px) 712px, \" \/><div class=\"fusion-rollover\">\n\t<div class=\"fusion-rollover-content\">\n\n\t\t\t\t\t\t\t\t\t\t\t\t\t\t<a class=\"fusion-rollover-link\" href=\"https:\/\/www.elcaminodekunig.com\/de\/portfolio-items\/erster-epigraph\/?portfolioCats=21\">Erster Epigraph<\/a>\n\t\t\t\n\t\t\t\t\t\t\t\t\n\t\t\n\t\t\t\t\t\t\t\t\t\t\t\t<h4 class=\"fusion-rollover-title\">\n\t\t\t\t\t<a class=\"fusion-rollover-title-link\" href=\"https:\/\/www.elcaminodekunig.com\/de\/portfolio-items\/erster-epigraph\/?portfolioCats=21\">\n\t\t\t\t\t\tErster Epigraph\t\t\t\t\t<\/a>\n\t\t\t\t<\/h4>\n\t\t\t\n\t\t\t\t\t\t\t\t\t\t<div class=\"fusion-rollover-categories\"><a href=\"https:\/\/www.elcaminodekunig.com\/de\/portfolio_category\/epigraphien\/\" rel=\"tag\">Epigraphien<\/a><\/div>\t\t\t\t\t\n\t\t\n\t\t\t\t\t\t<a class=\"fusion-link-wrapper\" href=\"https:\/\/www.elcaminodekunig.com\/de\/portfolio-items\/erster-epigraph\/?portfolioCats=21\" aria-label=\"Erster Epigraph\"><\/a>\n\t<\/div>\n<\/div>\n<\/div>\n<div class=\"fusion-portfolio-content\"><h2 class=\"entry-title fusion-post-title\"><a href=\"https:\/\/www.elcaminodekunig.com\/de\/portfolio-items\/erster-epigraph\/?portfolioCats=21\">Erster Epigraph<\/a><\/h2><div class=\"fusion-post-content\"><\/div><\/div><\/div><\/article><article id=\"portfolio-1-post-194\" class=\"fusion-portfolio-post epigraphien fusion-col-spacing post-194\"><div class=\"fusion-portfolio-content-wrapper\" style=\"border:none;\"><span class=\"vcard rich-snippet-hidden\"><span class=\"fn\"><a href=\"https:\/\/www.elcaminodekunig.com\/de\/author\/admin\/\" title=\"Beitr\u00e4ge von admin\" rel=\"author\">admin<\/a><\/span><\/span><span class=\"updated rich-snippet-hidden\">2019-04-02T11:23:08+02:00<\/span><div  class=\"fusion-image-wrapper\" aria-haspopup=\"true\">\n\t\t\t\t<img decoding=\"async\" width=\"1200\" height=\"793\" src=\"https:\/\/www.elcaminodekunig.com\/wp-content\/uploads\/2019\/04\/Lucerna-1.jpg\" class=\"attachment-full size-full wp-post-image\" alt=\"\" srcset=\"https:\/\/www.elcaminodekunig.com\/wp-content\/uploads\/2019\/04\/Lucerna-1-200x132.jpg 200w, https:\/\/www.elcaminodekunig.com\/wp-content\/uploads\/2019\/04\/Lucerna-1-400x264.jpg 400w, https:\/\/www.elcaminodekunig.com\/wp-content\/uploads\/2019\/04\/Lucerna-1-600x397.jpg 600w, https:\/\/www.elcaminodekunig.com\/wp-content\/uploads\/2019\/04\/Lucerna-1-800x529.jpg 800w, https:\/\/www.elcaminodekunig.com\/wp-content\/uploads\/2019\/04\/Lucerna-1.jpg 1200w\" sizes=\"(min-width: 2200px) 100vw, (min-width: 856px) 285px, (min-width: 784px) 380px, (min-width: 712px) 570px, (min-width: 640px) 712px, \" \/><div class=\"fusion-rollover\">\n\t<div class=\"fusion-rollover-content\">\n\n\t\t\t\t\t\t\t\t\t\t\t\t\t\t<a class=\"fusion-rollover-link\" href=\"https:\/\/www.elcaminodekunig.com\/de\/portfolio-items\/zweiter-epigraph\/?portfolioCats=21\">Zweiter Epigraph<\/a>\n\t\t\t\n\t\t\t\t\t\t\t\t\n\t\t\n\t\t\t\t\t\t\t\t\t\t\t\t<h4 class=\"fusion-rollover-title\">\n\t\t\t\t\t<a class=\"fusion-rollover-title-link\" href=\"https:\/\/www.elcaminodekunig.com\/de\/portfolio-items\/zweiter-epigraph\/?portfolioCats=21\">\n\t\t\t\t\t\tZweiter Epigraph\t\t\t\t\t<\/a>\n\t\t\t\t<\/h4>\n\t\t\t\n\t\t\t\t\t\t\t\t\t\t<div class=\"fusion-rollover-categories\"><a href=\"https:\/\/www.elcaminodekunig.com\/de\/portfolio_category\/epigraphien\/\" rel=\"tag\">Epigraphien<\/a><\/div>\t\t\t\t\t\n\t\t\n\t\t\t\t\t\t<a class=\"fusion-link-wrapper\" href=\"https:\/\/www.elcaminodekunig.com\/de\/portfolio-items\/zweiter-epigraph\/?portfolioCats=21\" aria-label=\"Zweiter Epigraph\"><\/a>\n\t<\/div>\n<\/div>\n<\/div>\n<div class=\"fusion-portfolio-content\"><h2 class=\"entry-title fusion-post-title\"><a href=\"https:\/\/www.elcaminodekunig.com\/de\/portfolio-items\/zweiter-epigraph\/?portfolioCats=21\">Zweiter Epigraph<\/a><\/h2><div class=\"fusion-post-content\"><\/div><\/div><\/div><\/article><article id=\"portfolio-1-post-198\" class=\"fusion-portfolio-post epigraphien fusion-col-spacing post-198\"><div class=\"fusion-portfolio-content-wrapper\" style=\"border:none;\"><span class=\"vcard rich-snippet-hidden\"><span class=\"fn\"><a href=\"https:\/\/www.elcaminodekunig.com\/de\/author\/admin\/\" title=\"Beitr\u00e4ge von admin\" rel=\"author\">admin<\/a><\/span><\/span><span class=\"updated rich-snippet-hidden\">2019-04-02T11:23:11+02:00<\/span><div  class=\"fusion-image-wrapper\" aria-haspopup=\"true\">\n\t\t\t\t<img decoding=\"async\" width=\"1200\" height=\"793\" src=\"https:\/\/www.elcaminodekunig.com\/wp-content\/uploads\/2019\/04\/uinas-del-viejo-convento-franciscano-de-Cerezal-de-Tremor.jpg\" class=\"attachment-full size-full wp-post-image\" alt=\"\" srcset=\"https:\/\/www.elcaminodekunig.com\/wp-content\/uploads\/2019\/04\/uinas-del-viejo-convento-franciscano-de-Cerezal-de-Tremor-200x132.jpg 200w, https:\/\/www.elcaminodekunig.com\/wp-content\/uploads\/2019\/04\/uinas-del-viejo-convento-franciscano-de-Cerezal-de-Tremor-400x264.jpg 400w, https:\/\/www.elcaminodekunig.com\/wp-content\/uploads\/2019\/04\/uinas-del-viejo-convento-franciscano-de-Cerezal-de-Tremor-600x397.jpg 600w, https:\/\/www.elcaminodekunig.com\/wp-content\/uploads\/2019\/04\/uinas-del-viejo-convento-franciscano-de-Cerezal-de-Tremor-800x529.jpg 800w, https:\/\/www.elcaminodekunig.com\/wp-content\/uploads\/2019\/04\/uinas-del-viejo-convento-franciscano-de-Cerezal-de-Tremor.jpg 1200w\" sizes=\"(min-width: 2200px) 100vw, (min-width: 856px) 285px, (min-width: 784px) 380px, (min-width: 712px) 570px, (min-width: 640px) 712px, \" \/><div class=\"fusion-rollover\">\n\t<div class=\"fusion-rollover-content\">\n\n\t\t\t\t\t\t\t\t\t\t\t\t\t\t<a class=\"fusion-rollover-link\" href=\"https:\/\/www.elcaminodekunig.com\/de\/portfolio-items\/dritter-epigraph\/?portfolioCats=21\">Dritter Epigraph<\/a>\n\t\t\t\n\t\t\t\t\t\t\t\t\n\t\t\n\t\t\t\t\t\t\t\t\t\t\t\t<h4 class=\"fusion-rollover-title\">\n\t\t\t\t\t<a class=\"fusion-rollover-title-link\" href=\"https:\/\/www.elcaminodekunig.com\/de\/portfolio-items\/dritter-epigraph\/?portfolioCats=21\">\n\t\t\t\t\t\tDritter Epigraph\t\t\t\t\t<\/a>\n\t\t\t\t<\/h4>\n\t\t\t\n\t\t\t\t\t\t\t\t\t\t<div class=\"fusion-rollover-categories\"><a href=\"https:\/\/www.elcaminodekunig.com\/de\/portfolio_category\/epigraphien\/\" rel=\"tag\">Epigraphien<\/a><\/div>\t\t\t\t\t\n\t\t\n\t\t\t\t\t\t<a class=\"fusion-link-wrapper\" href=\"https:\/\/www.elcaminodekunig.com\/de\/portfolio-items\/dritter-epigraph\/?portfolioCats=21\" aria-label=\"Dritter Epigraph\"><\/a>\n\t<\/div>\n<\/div>\n<\/div>\n<div class=\"fusion-portfolio-content\"><h2 class=\"entry-title fusion-post-title\"><a href=\"https:\/\/www.elcaminodekunig.com\/de\/portfolio-items\/dritter-epigraph\/?portfolioCats=21\">Dritter Epigraph<\/a><\/h2><div class=\"fusion-post-content\"><\/div><\/div><\/div><\/article><article id=\"portfolio-1-post-378\" class=\"fusion-portfolio-post epigraphien fusion-col-spacing post-378\"><div class=\"fusion-portfolio-content-wrapper\" style=\"border:none;\"><span class=\"vcard rich-snippet-hidden\"><span class=\"fn\"><a href=\"https:\/\/www.elcaminodekunig.com\/de\/author\/admin\/\" title=\"Beitr\u00e4ge von admin\" rel=\"author\">admin<\/a><\/span><\/span><span class=\"updated rich-snippet-hidden\">2019-04-11T16:16:59+02:00<\/span><div  class=\"fusion-image-wrapper\" aria-haspopup=\"true\">\n\t\t\t\t<img decoding=\"async\" width=\"1200\" height=\"793\" src=\"https:\/\/www.elcaminodekunig.com\/wp-content\/uploads\/2019\/04\/La-variante-de-Lugo.jpg\" class=\"attachment-full size-full wp-post-image\" alt=\"\" srcset=\"https:\/\/www.elcaminodekunig.com\/wp-content\/uploads\/2019\/04\/La-variante-de-Lugo-200x132.jpg 200w, https:\/\/www.elcaminodekunig.com\/wp-content\/uploads\/2019\/04\/La-variante-de-Lugo-400x264.jpg 400w, https:\/\/www.elcaminodekunig.com\/wp-content\/uploads\/2019\/04\/La-variante-de-Lugo-600x397.jpg 600w, https:\/\/www.elcaminodekunig.com\/wp-content\/uploads\/2019\/04\/La-variante-de-Lugo-800x529.jpg 800w, https:\/\/www.elcaminodekunig.com\/wp-content\/uploads\/2019\/04\/La-variante-de-Lugo.jpg 1200w\" sizes=\"(min-width: 2200px) 100vw, (min-width: 856px) 285px, (min-width: 784px) 380px, (min-width: 712px) 570px, (min-width: 640px) 712px, \" \/><div class=\"fusion-rollover\">\n\t<div class=\"fusion-rollover-content\">\n\n\t\t\t\t\t\t\t\t\t\t\t\t\t\t<a class=\"fusion-rollover-link\" href=\"https:\/\/www.elcaminodekunig.com\/de\/portfolio-items\/die-variante-von-lugo\/?portfolioCats=21\">Die Variante von Lugo<\/a>\n\t\t\t\n\t\t\t\t\t\t\t\t\n\t\t\n\t\t\t\t\t\t\t\t\t\t\t\t<h4 class=\"fusion-rollover-title\">\n\t\t\t\t\t<a class=\"fusion-rollover-title-link\" href=\"https:\/\/www.elcaminodekunig.com\/de\/portfolio-items\/die-variante-von-lugo\/?portfolioCats=21\">\n\t\t\t\t\t\tDie Variante von Lugo\t\t\t\t\t<\/a>\n\t\t\t\t<\/h4>\n\t\t\t\n\t\t\t\t\t\t\t\t\t\t<div class=\"fusion-rollover-categories\"><a href=\"https:\/\/www.elcaminodekunig.com\/de\/portfolio_category\/epigraphien\/\" rel=\"tag\">Epigraphien<\/a><\/div>\t\t\t\t\t\n\t\t\n\t\t\t\t\t\t<a class=\"fusion-link-wrapper\" href=\"https:\/\/www.elcaminodekunig.com\/de\/portfolio-items\/die-variante-von-lugo\/?portfolioCats=21\" aria-label=\"Die Variante von Lugo\"><\/a>\n\t<\/div>\n<\/div>\n<\/div>\n<div class=\"fusion-portfolio-content\"><h2 class=\"entry-title fusion-post-title\"><a href=\"https:\/\/www.elcaminodekunig.com\/de\/portfolio-items\/die-variante-von-lugo\/?portfolioCats=21\">Die Variante von Lugo<\/a><\/h2><div class=\"fusion-post-content\"><\/div><\/div><\/div><\/article><\/div><\/div><div class=\"fusion-clearfix\"><\/div><\/div><\/div><\/div><\/div>\n","protected":false},"excerpt":{"rendered":"","protected":false},"author":1,"featured_media":0,"parent":0,"menu_order":0,"comment_status":"closed","ping_status":"closed","template":"","meta":{"footnotes":""},"class_list":["post-305","page","type-page","status-publish","hentry"],"yoast_head":"<!-- This site is optimized with the Yoast SEO plugin v25.7 - https:\/\/yoast.com\/wordpress\/plugins\/seo\/ -->\n<title>Der Weg - El camino de K\u00fcnig<\/title>\n<meta name=\"robots\" content=\"index, follow, max-snippet:-1, max-image-preview:large, max-video-preview:-1\" \/>\n<link rel=\"canonical\" href=\"https:\/\/www.elcaminodekunig.com\/de\/der-weg\/\" \/>\n<meta property=\"og:locale\" content=\"de_DE\" \/>\n<meta property=\"og:type\" content=\"article\" \/>\n<meta property=\"og:title\" content=\"Der Weg - El camino de K\u00fcnig\" \/>\n<meta property=\"og:url\" content=\"https:\/\/www.elcaminodekunig.com\/de\/der-weg\/\" \/>\n<meta property=\"og:site_name\" content=\"El camino de K\u00fcnig\" \/>\n<meta property=\"article:modified_time\" content=\"2019-04-11T14:18:07+00:00\" \/>\n<meta name=\"twitter:card\" content=\"summary_large_image\" \/>\n<meta name=\"twitter:label1\" content=\"Gesch\u00e4tzte Lesezeit\" \/>\n\t<meta name=\"twitter:data1\" content=\"1\u00a0Minute\" \/>\n<script type=\"application\/ld+json\" class=\"yoast-schema-graph\">{\"@context\":\"https:\/\/schema.org\",\"@graph\":[{\"@type\":\"WebPage\",\"@id\":\"https:\/\/www.elcaminodekunig.com\/de\/der-weg\/\",\"url\":\"https:\/\/www.elcaminodekunig.com\/de\/der-weg\/\",\"name\":\"Der Weg - El camino de K\u00fcnig\",\"isPartOf\":{\"@id\":\"https:\/\/www.elcaminodekunig.com\/#website\"},\"datePublished\":\"2019-04-10T09:43:53+00:00\",\"dateModified\":\"2019-04-11T14:18:07+00:00\",\"breadcrumb\":{\"@id\":\"https:\/\/www.elcaminodekunig.com\/de\/der-weg\/#breadcrumb\"},\"inLanguage\":\"de\",\"potentialAction\":[{\"@type\":\"ReadAction\",\"target\":[\"https:\/\/www.elcaminodekunig.com\/de\/der-weg\/\"]}]},{\"@type\":\"BreadcrumbList\",\"@id\":\"https:\/\/www.elcaminodekunig.com\/de\/der-weg\/#breadcrumb\",\"itemListElement\":[{\"@type\":\"ListItem\",\"position\":1,\"name\":\"Portada\",\"item\":\"https:\/\/www.elcaminodekunig.com\/de\/\"},{\"@type\":\"ListItem\",\"position\":2,\"name\":\"Der Weg\"}]},{\"@type\":\"WebSite\",\"@id\":\"https:\/\/www.elcaminodekunig.com\/#website\",\"url\":\"https:\/\/www.elcaminodekunig.com\/\",\"name\":\"El camino de K\u00fcnig\",\"description\":\"En el tramo final del siglo XV, un monje de nombre Hermann K\u00fcnig, perteneciente al convento que la orden de los Siervos de Mar\u00eda ten\u00eda en Vach (Vacha), en el actual estado alem\u00e1n de Turingia, decidi\u00f3 peregrinar al extremo noroccidental de Espa\u00f1a, para visitar la tumba del ap\u00f3stol Santiago.\",\"potentialAction\":[{\"@type\":\"SearchAction\",\"target\":{\"@type\":\"EntryPoint\",\"urlTemplate\":\"https:\/\/www.elcaminodekunig.com\/?s={search_term_string}\"},\"query-input\":{\"@type\":\"PropertyValueSpecification\",\"valueRequired\":true,\"valueName\":\"search_term_string\"}}],\"inLanguage\":\"de\"}]}<\/script>\n<!-- \/ Yoast SEO plugin. -->","yoast_head_json":{"title":"Der Weg - El camino de K\u00fcnig","robots":{"index":"index","follow":"follow","max-snippet":"max-snippet:-1","max-image-preview":"max-image-preview:large","max-video-preview":"max-video-preview:-1"},"canonical":"https:\/\/www.elcaminodekunig.com\/de\/der-weg\/","og_locale":"de_DE","og_type":"article","og_title":"Der Weg - El camino de K\u00fcnig","og_url":"https:\/\/www.elcaminodekunig.com\/de\/der-weg\/","og_site_name":"El camino de K\u00fcnig","article_modified_time":"2019-04-11T14:18:07+00:00","twitter_card":"summary_large_image","twitter_misc":{"Gesch\u00e4tzte Lesezeit":"1\u00a0Minute"},"schema":{"@context":"https:\/\/schema.org","@graph":[{"@type":"WebPage","@id":"https:\/\/www.elcaminodekunig.com\/de\/der-weg\/","url":"https:\/\/www.elcaminodekunig.com\/de\/der-weg\/","name":"Der Weg - El camino de K\u00fcnig","isPartOf":{"@id":"https:\/\/www.elcaminodekunig.com\/#website"},"datePublished":"2019-04-10T09:43:53+00:00","dateModified":"2019-04-11T14:18:07+00:00","breadcrumb":{"@id":"https:\/\/www.elcaminodekunig.com\/de\/der-weg\/#breadcrumb"},"inLanguage":"de","potentialAction":[{"@type":"ReadAction","target":["https:\/\/www.elcaminodekunig.com\/de\/der-weg\/"]}]},{"@type":"BreadcrumbList","@id":"https:\/\/www.elcaminodekunig.com\/de\/der-weg\/#breadcrumb","itemListElement":[{"@type":"ListItem","position":1,"name":"Portada","item":"https:\/\/www.elcaminodekunig.com\/de\/"},{"@type":"ListItem","position":2,"name":"Der Weg"}]},{"@type":"WebSite","@id":"https:\/\/www.elcaminodekunig.com\/#website","url":"https:\/\/www.elcaminodekunig.com\/","name":"El camino de K\u00fcnig","description":"En el tramo final del siglo XV, un monje de nombre Hermann K\u00fcnig, perteneciente al convento que la orden de los Siervos de Mar\u00eda ten\u00eda en Vach (Vacha), en el actual estado alem\u00e1n de Turingia, decidi\u00f3 peregrinar al extremo noroccidental de Espa\u00f1a, para visitar la tumba del ap\u00f3stol Santiago.","potentialAction":[{"@type":"SearchAction","target":{"@type":"EntryPoint","urlTemplate":"https:\/\/www.elcaminodekunig.com\/?s={search_term_string}"},"query-input":{"@type":"PropertyValueSpecification","valueRequired":true,"valueName":"search_term_string"}}],"inLanguage":"de"}]}},"_links":{"self":[{"href":"https:\/\/www.elcaminodekunig.com\/de\/wp-json\/wp\/v2\/pages\/305","targetHints":{"allow":["GET"]}}],"collection":[{"href":"https:\/\/www.elcaminodekunig.com\/de\/wp-json\/wp\/v2\/pages"}],"about":[{"href":"https:\/\/www.elcaminodekunig.com\/de\/wp-json\/wp\/v2\/types\/page"}],"author":[{"embeddable":true,"href":"https:\/\/www.elcaminodekunig.com\/de\/wp-json\/wp\/v2\/users\/1"}],"replies":[{"embeddable":true,"href":"https:\/\/www.elcaminodekunig.com\/de\/wp-json\/wp\/v2\/comments?post=305"}],"version-history":[{"count":0,"href":"https:\/\/www.elcaminodekunig.com\/de\/wp-json\/wp\/v2\/pages\/305\/revisions"}],"wp:attachment":[{"href":"https:\/\/www.elcaminodekunig.com\/de\/wp-json\/wp\/v2\/media?parent=305"}],"curies":[{"name":"wp","href":"https:\/\/api.w.org\/{rel}","templated":true}]}}