{"id":70,"date":"2019-02-02T07:51:46","date_gmt":"2019-02-02T07:51:46","guid":{"rendered":"https:\/\/www.elcaminodekunig.com\/?page_id=70"},"modified":"2020-01-23T10:53:30","modified_gmt":"2020-01-23T09:53:30","slug":"incio","status":"publish","type":"page","link":"https:\/\/www.elcaminodekunig.com\/de\/","title":{"rendered":"Startseite"},"content":{"rendered":"<p><div class=\"fusion-fullwidth fullwidth-box fusion-builder-row-1 nonhundred-percent-fullwidth non-hundred-percent-height-scrolling\" style=\"--awb-border-radius-top-left:0px;--awb-border-radius-top-right:0px;--awb-border-radius-bottom-right:0px;--awb-border-radius-bottom-left:0px;--awb-flex-wrap:wrap;\" ><div class=\"fusion-builder-row fusion-row\"><div class=\"fusion-layout-column fusion_builder_column fusion-builder-column-0 fusion_builder_column_1_1 1_1 fusion-one-full fusion-column-first fusion-column-last\" style=\"--awb-bg-size:cover;--awb-margin-bottom:0px;\"><div class=\"fusion-column-wrapper fusion-flex-column-wrapper-legacy\"><div class=\"fusion-reading-box-container reading-box-container-1\" style=\"--awb-title-color:#333333;--awb-margin-top:0px;--awb-margin-bottom:30px;\"><div class=\"reading-box reading-box-center\" style=\"background-color:#f6f6f6;border-width:1px;border-color:#f6f6f6;border-top-width:3px;border-top-color:var(--primary_color);border-style:solid;\"><div class=\"reading-box-additional\">\n<p>Im letzten Abschnitt des f\u00fcnfzehnten Jahrhunderts beschloss ein M\u00f6nch namens Hermann K\u00fcnig, der dem Kloster geh\u00f6rte, das der Orden der Dienerinnen Marias in Vach (Vacha) im heutigen deutschen Bundesland Th\u00fcringen hatte, zu einer Wallfahrt in die nordwestliche Ecke Spaniens besuchen Sie das Grab des Apostels Santiago.<\/p>\n<p>Der M\u00f6nch hinterlie\u00df einen Leitfaden f\u00fcr seine lange Reise durch Gebiete, die derzeit der Schweiz, Frankreich, Spanien, Belgien, Holland und Deutschland entsprechen. Diese Website ist diesem Pilger und den Territorien gewidmet, die er durchquerte.<\/p>\n<\/div><div class=\"fusion-clearfix\"><\/div><\/div><svg style=\"opacity:0.70;\" xmlns=\"http:\/\/www.w3.org\/2000\/svg\" version=\"1.1\" width=\"100%\" viewBox=\"0 0 600 28\" preserveAspectRatio=\"none\"><g clip-path=\"url(#a)\"><mask id=\"b\" style=\"mask-type:luminance\" maskUnits=\"userSpaceOnUse\" x=\"0\" y=\"0\" width=\"600\" height=\"28\"><path d=\"M0 0h600v28H0V0Z\" fill=\"#fff\"\/><\/mask><g filter=\"url(#c)\" mask=\"url(#b)\"><path d=\"M16.439-18.667h567.123v30.8S438.961-8.4 300-8.4C161.04-8.4 16.438 12.133 16.438 12.133v-30.8Z\" fill=\"#000\"\/><\/g><\/g><defs><clipPath id=\"a\"><path fill=\"#fff\" d=\"M0 0h600v28H0z\"\/><\/clipPath><filter id=\"c\" x=\"5.438\" y=\"-29.667\" width=\"589.123\" height=\"52.8\" filterUnits=\"userSpaceOnUse\" color-interpolation-filters=\"sRGB\"><feFlood flood-opacity=\"0\" result=\"BackgroundImageFix\"\/><feBlend in=\"SourceGraphic\" in2=\"BackgroundImageFix\" result=\"shape\"\/><feGaussianBlur stdDeviation=\"5.5\" result=\"effect1_foregroundBlur_3983_183\"\/><\/filter><\/defs><\/svg><\/div><style type=\"text\/css\">.fusion-portfolio-wrapper#fusion-portfolio-1 .fusion-portfolio-content{  text-align: left; }<\/style><div class=\"fusion-recent-works fusion-portfolio-element fusion-portfolio fusion-portfolio-1 fusion-portfolio-grid fusion-portfolio-paging-none fusion-portfolio-four fusion-portfolio-unboxed fusion-portfolio-text fusion-portfolio-rollover\" data-id=\"-rw-1\" data-columns=\"four\"><style type=\"text\/css\">.fusion-portfolio-1 .fusion-portfolio-wrapper .fusion-col-spacing{padding:10px;}<\/style><div class=\"fusion-portfolio-wrapper\" id=\"fusion-portfolio-1\" data-picturesize=\"auto\" data-pages=\"1\" style=\"margin:-10px;\"><article id=\"portfolio-1-post-190\" class=\"fusion-portfolio-post epigraphien fusion-col-spacing post-190\"><div class=\"fusion-portfolio-content-wrapper\" style=\"border:none;\"><span class=\"vcard rich-snippet-hidden\"><span class=\"fn\"><a href=\"https:\/\/www.elcaminodekunig.com\/de\/author\/admin\/\" title=\"Beitr\u00e4ge von admin\" rel=\"author\">admin<\/a><\/span><\/span><span class=\"updated rich-snippet-hidden\">2019-04-02T11:23:03+02:00<\/span><div  class=\"fusion-image-wrapper\" aria-haspopup=\"true\">\n\t\t\t\t<img decoding=\"async\" width=\"1200\" height=\"793\" src=\"https:\/\/www.elcaminodekunig.com\/wp-content\/uploads\/2019\/04\/web3.jpg\" class=\"attachment-full size-full wp-post-image\" alt=\"Monasterio de Einsiedeln, en el norte de Suiza, donde arranca la gu\u00eda de Hermann K\u00fcnig. Imagen de Heinz Schwab\/ Switzerland Tourism\" srcset=\"https:\/\/www.elcaminodekunig.com\/wp-content\/uploads\/2019\/04\/web3-200x132.jpg 200w, https:\/\/www.elcaminodekunig.com\/wp-content\/uploads\/2019\/04\/web3-400x264.jpg 400w, https:\/\/www.elcaminodekunig.com\/wp-content\/uploads\/2019\/04\/web3-600x397.jpg 600w, https:\/\/www.elcaminodekunig.com\/wp-content\/uploads\/2019\/04\/web3-800x529.jpg 800w, https:\/\/www.elcaminodekunig.com\/wp-content\/uploads\/2019\/04\/web3.jpg 1200w\" sizes=\"(min-width: 2200px) 100vw, (min-width: 856px) 285px, (min-width: 784px) 380px, (min-width: 712px) 570px, (min-width: 640px) 712px, \" \/><div class=\"fusion-rollover\">\n\t<div class=\"fusion-rollover-content\">\n\n\t\t\t\t\t\t\t\t\t\t\t\t\t\t<a class=\"fusion-rollover-link\" href=\"https:\/\/www.elcaminodekunig.com\/de\/portfolio-items\/erster-epigraph\/?portfolioCats=21\">Erster Epigraph<\/a>\n\t\t\t\n\t\t\t\t\t\t\t\t\n\t\t\n\t\t\t\t\t\t\t\t\t\t\t\t<h4 class=\"fusion-rollover-title\">\n\t\t\t\t\t<a class=\"fusion-rollover-title-link\" href=\"https:\/\/www.elcaminodekunig.com\/de\/portfolio-items\/erster-epigraph\/?portfolioCats=21\">\n\t\t\t\t\t\tErster Epigraph\t\t\t\t\t<\/a>\n\t\t\t\t<\/h4>\n\t\t\t\n\t\t\t\t\t\t\t\t\t\t<div class=\"fusion-rollover-categories\"><a href=\"https:\/\/www.elcaminodekunig.com\/de\/portfolio_category\/epigraphien\/\" rel=\"tag\">Epigraphien<\/a><\/div>\t\t\t\t\t\n\t\t\n\t\t\t\t\t\t<a class=\"fusion-link-wrapper\" href=\"https:\/\/www.elcaminodekunig.com\/de\/portfolio-items\/erster-epigraph\/?portfolioCats=21\" aria-label=\"Erster Epigraph\"><\/a>\n\t<\/div>\n<\/div>\n<\/div>\n<div class=\"fusion-portfolio-content\"><h2 class=\"entry-title fusion-post-title\"><a href=\"https:\/\/www.elcaminodekunig.com\/de\/portfolio-items\/erster-epigraph\/?portfolioCats=21\">Erster Epigraph<\/a><\/h2><div class=\"fusion-post-content\"><\/div><\/div><\/div><\/article><article id=\"portfolio-1-post-194\" class=\"fusion-portfolio-post epigraphien fusion-col-spacing post-194\"><div class=\"fusion-portfolio-content-wrapper\" style=\"border:none;\"><span class=\"vcard rich-snippet-hidden\"><span class=\"fn\"><a href=\"https:\/\/www.elcaminodekunig.com\/de\/author\/admin\/\" title=\"Beitr\u00e4ge von admin\" rel=\"author\">admin<\/a><\/span><\/span><span class=\"updated rich-snippet-hidden\">2019-04-02T11:23:08+02:00<\/span><div  class=\"fusion-image-wrapper\" aria-haspopup=\"true\">\n\t\t\t\t<img decoding=\"async\" width=\"1200\" height=\"793\" src=\"https:\/\/www.elcaminodekunig.com\/wp-content\/uploads\/2019\/04\/Lucerna-1.jpg\" class=\"attachment-full size-full wp-post-image\" alt=\"\" srcset=\"https:\/\/www.elcaminodekunig.com\/wp-content\/uploads\/2019\/04\/Lucerna-1-200x132.jpg 200w, https:\/\/www.elcaminodekunig.com\/wp-content\/uploads\/2019\/04\/Lucerna-1-400x264.jpg 400w, https:\/\/www.elcaminodekunig.com\/wp-content\/uploads\/2019\/04\/Lucerna-1-600x397.jpg 600w, https:\/\/www.elcaminodekunig.com\/wp-content\/uploads\/2019\/04\/Lucerna-1-800x529.jpg 800w, https:\/\/www.elcaminodekunig.com\/wp-content\/uploads\/2019\/04\/Lucerna-1.jpg 1200w\" sizes=\"(min-width: 2200px) 100vw, (min-width: 856px) 285px, (min-width: 784px) 380px, (min-width: 712px) 570px, (min-width: 640px) 712px, \" \/><div class=\"fusion-rollover\">\n\t<div class=\"fusion-rollover-content\">\n\n\t\t\t\t\t\t\t\t\t\t\t\t\t\t<a class=\"fusion-rollover-link\" href=\"https:\/\/www.elcaminodekunig.com\/de\/portfolio-items\/zweiter-epigraph\/?portfolioCats=21\">Zweiter Epigraph<\/a>\n\t\t\t\n\t\t\t\t\t\t\t\t\n\t\t\n\t\t\t\t\t\t\t\t\t\t\t\t<h4 class=\"fusion-rollover-title\">\n\t\t\t\t\t<a class=\"fusion-rollover-title-link\" href=\"https:\/\/www.elcaminodekunig.com\/de\/portfolio-items\/zweiter-epigraph\/?portfolioCats=21\">\n\t\t\t\t\t\tZweiter Epigraph\t\t\t\t\t<\/a>\n\t\t\t\t<\/h4>\n\t\t\t\n\t\t\t\t\t\t\t\t\t\t<div class=\"fusion-rollover-categories\"><a href=\"https:\/\/www.elcaminodekunig.com\/de\/portfolio_category\/epigraphien\/\" rel=\"tag\">Epigraphien<\/a><\/div>\t\t\t\t\t\n\t\t\n\t\t\t\t\t\t<a class=\"fusion-link-wrapper\" href=\"https:\/\/www.elcaminodekunig.com\/de\/portfolio-items\/zweiter-epigraph\/?portfolioCats=21\" aria-label=\"Zweiter Epigraph\"><\/a>\n\t<\/div>\n<\/div>\n<\/div>\n<div class=\"fusion-portfolio-content\"><h2 class=\"entry-title fusion-post-title\"><a href=\"https:\/\/www.elcaminodekunig.com\/de\/portfolio-items\/zweiter-epigraph\/?portfolioCats=21\">Zweiter Epigraph<\/a><\/h2><div class=\"fusion-post-content\"><\/div><\/div><\/div><\/article><article id=\"portfolio-1-post-198\" class=\"fusion-portfolio-post epigraphien fusion-col-spacing post-198\"><div class=\"fusion-portfolio-content-wrapper\" style=\"border:none;\"><span class=\"vcard rich-snippet-hidden\"><span class=\"fn\"><a href=\"https:\/\/www.elcaminodekunig.com\/de\/author\/admin\/\" title=\"Beitr\u00e4ge von admin\" rel=\"author\">admin<\/a><\/span><\/span><span class=\"updated rich-snippet-hidden\">2019-04-02T11:23:11+02:00<\/span><div  class=\"fusion-image-wrapper\" aria-haspopup=\"true\">\n\t\t\t\t<img decoding=\"async\" width=\"1200\" height=\"793\" src=\"https:\/\/www.elcaminodekunig.com\/wp-content\/uploads\/2019\/04\/uinas-del-viejo-convento-franciscano-de-Cerezal-de-Tremor.jpg\" class=\"attachment-full size-full wp-post-image\" alt=\"\" srcset=\"https:\/\/www.elcaminodekunig.com\/wp-content\/uploads\/2019\/04\/uinas-del-viejo-convento-franciscano-de-Cerezal-de-Tremor-200x132.jpg 200w, https:\/\/www.elcaminodekunig.com\/wp-content\/uploads\/2019\/04\/uinas-del-viejo-convento-franciscano-de-Cerezal-de-Tremor-400x264.jpg 400w, https:\/\/www.elcaminodekunig.com\/wp-content\/uploads\/2019\/04\/uinas-del-viejo-convento-franciscano-de-Cerezal-de-Tremor-600x397.jpg 600w, https:\/\/www.elcaminodekunig.com\/wp-content\/uploads\/2019\/04\/uinas-del-viejo-convento-franciscano-de-Cerezal-de-Tremor-800x529.jpg 800w, https:\/\/www.elcaminodekunig.com\/wp-content\/uploads\/2019\/04\/uinas-del-viejo-convento-franciscano-de-Cerezal-de-Tremor.jpg 1200w\" sizes=\"(min-width: 2200px) 100vw, (min-width: 856px) 285px, (min-width: 784px) 380px, (min-width: 712px) 570px, (min-width: 640px) 712px, \" \/><div class=\"fusion-rollover\">\n\t<div class=\"fusion-rollover-content\">\n\n\t\t\t\t\t\t\t\t\t\t\t\t\t\t<a class=\"fusion-rollover-link\" href=\"https:\/\/www.elcaminodekunig.com\/de\/portfolio-items\/dritter-epigraph\/?portfolioCats=21\">Dritter Epigraph<\/a>\n\t\t\t\n\t\t\t\t\t\t\t\t\n\t\t\n\t\t\t\t\t\t\t\t\t\t\t\t<h4 class=\"fusion-rollover-title\">\n\t\t\t\t\t<a class=\"fusion-rollover-title-link\" href=\"https:\/\/www.elcaminodekunig.com\/de\/portfolio-items\/dritter-epigraph\/?portfolioCats=21\">\n\t\t\t\t\t\tDritter Epigraph\t\t\t\t\t<\/a>\n\t\t\t\t<\/h4>\n\t\t\t\n\t\t\t\t\t\t\t\t\t\t<div class=\"fusion-rollover-categories\"><a href=\"https:\/\/www.elcaminodekunig.com\/de\/portfolio_category\/epigraphien\/\" rel=\"tag\">Epigraphien<\/a><\/div>\t\t\t\t\t\n\t\t\n\t\t\t\t\t\t<a class=\"fusion-link-wrapper\" href=\"https:\/\/www.elcaminodekunig.com\/de\/portfolio-items\/dritter-epigraph\/?portfolioCats=21\" aria-label=\"Dritter Epigraph\"><\/a>\n\t<\/div>\n<\/div>\n<\/div>\n<div class=\"fusion-portfolio-content\"><h2 class=\"entry-title fusion-post-title\"><a href=\"https:\/\/www.elcaminodekunig.com\/de\/portfolio-items\/dritter-epigraph\/?portfolioCats=21\">Dritter Epigraph<\/a><\/h2><div class=\"fusion-post-content\"><\/div><\/div><\/div><\/article><article id=\"portfolio-1-post-378\" class=\"fusion-portfolio-post epigraphien fusion-col-spacing post-378\"><div class=\"fusion-portfolio-content-wrapper\" style=\"border:none;\"><span class=\"vcard rich-snippet-hidden\"><span class=\"fn\"><a href=\"https:\/\/www.elcaminodekunig.com\/de\/author\/admin\/\" title=\"Beitr\u00e4ge von admin\" rel=\"author\">admin<\/a><\/span><\/span><span class=\"updated rich-snippet-hidden\">2019-04-11T16:16:59+02:00<\/span><div  class=\"fusion-image-wrapper\" aria-haspopup=\"true\">\n\t\t\t\t<img decoding=\"async\" width=\"1200\" height=\"793\" src=\"https:\/\/www.elcaminodekunig.com\/wp-content\/uploads\/2019\/04\/La-variante-de-Lugo.jpg\" class=\"attachment-full size-full wp-post-image\" alt=\"\" srcset=\"https:\/\/www.elcaminodekunig.com\/wp-content\/uploads\/2019\/04\/La-variante-de-Lugo-200x132.jpg 200w, https:\/\/www.elcaminodekunig.com\/wp-content\/uploads\/2019\/04\/La-variante-de-Lugo-400x264.jpg 400w, https:\/\/www.elcaminodekunig.com\/wp-content\/uploads\/2019\/04\/La-variante-de-Lugo-600x397.jpg 600w, https:\/\/www.elcaminodekunig.com\/wp-content\/uploads\/2019\/04\/La-variante-de-Lugo-800x529.jpg 800w, https:\/\/www.elcaminodekunig.com\/wp-content\/uploads\/2019\/04\/La-variante-de-Lugo.jpg 1200w\" sizes=\"(min-width: 2200px) 100vw, (min-width: 856px) 285px, (min-width: 784px) 380px, (min-width: 712px) 570px, (min-width: 640px) 712px, \" \/><div class=\"fusion-rollover\">\n\t<div class=\"fusion-rollover-content\">\n\n\t\t\t\t\t\t\t\t\t\t\t\t\t\t<a class=\"fusion-rollover-link\" href=\"https:\/\/www.elcaminodekunig.com\/de\/portfolio-items\/die-variante-von-lugo\/?portfolioCats=21\">Die Variante von Lugo<\/a>\n\t\t\t\n\t\t\t\t\t\t\t\t\n\t\t\n\t\t\t\t\t\t\t\t\t\t\t\t<h4 class=\"fusion-rollover-title\">\n\t\t\t\t\t<a class=\"fusion-rollover-title-link\" href=\"https:\/\/www.elcaminodekunig.com\/de\/portfolio-items\/die-variante-von-lugo\/?portfolioCats=21\">\n\t\t\t\t\t\tDie Variante von Lugo\t\t\t\t\t<\/a>\n\t\t\t\t<\/h4>\n\t\t\t\n\t\t\t\t\t\t\t\t\t\t<div class=\"fusion-rollover-categories\"><a href=\"https:\/\/www.elcaminodekunig.com\/de\/portfolio_category\/epigraphien\/\" rel=\"tag\">Epigraphien<\/a><\/div>\t\t\t\t\t\n\t\t\n\t\t\t\t\t\t<a class=\"fusion-link-wrapper\" href=\"https:\/\/www.elcaminodekunig.com\/de\/portfolio-items\/die-variante-von-lugo\/?portfolioCats=21\" aria-label=\"Die Variante von Lugo\"><\/a>\n\t<\/div>\n<\/div>\n<\/div>\n<div class=\"fusion-portfolio-content\"><h2 class=\"entry-title fusion-post-title\"><a href=\"https:\/\/www.elcaminodekunig.com\/de\/portfolio-items\/die-variante-von-lugo\/?portfolioCats=21\">Die Variante von Lugo<\/a><\/h2><div class=\"fusion-post-content\"><\/div><\/div><\/div><\/article><\/div><\/div><div class=\"fusion-clearfix\"><\/div><\/div><\/div><\/div><\/div><div class=\"fusion-fullwidth fullwidth-box fusion-builder-row-2 nonhundred-percent-fullwidth non-hundred-percent-height-scrolling\" style=\"--awb-border-radius-top-left:0px;--awb-border-radius-top-right:0px;--awb-border-radius-bottom-right:0px;--awb-border-radius-bottom-left:0px;--awb-flex-wrap:wrap;\" ><div class=\"fusion-builder-row fusion-row\"><div class=\"fusion-layout-column fusion_builder_column fusion-builder-column-1 fusion_builder_column_1_1 1_1 fusion-one-full fusion-column-first fusion-column-last\" style=\"--awb-bg-size:cover;--awb-margin-bottom:0px;\"><div class=\"fusion-column-wrapper fusion-flex-column-wrapper-legacy\"><div class=\"fusion-title title fusion-title-1 fusion-title-center fusion-title-text fusion-title-size-one\" style=\"--awb-text-color:#000000;--awb-margin-top:10px;--awb-margin-bottom:30px;--awb-sep-color:#c8161c;\"><div class=\"title-sep-container title-sep-container-left\"><div class=\"title-sep sep-single sep-dotted\" style=\"border-color:#c8161c;\"><\/div><\/div><span class=\"awb-title-spacer\"><\/span><h1 class=\"fusion-title-heading title-heading-center\" style=\"margin:0;\">Neueste Nachrichten<\/h1><span class=\"awb-title-spacer\"><\/span><div class=\"title-sep-container title-sep-container-right\"><div class=\"title-sep sep-single sep-dotted\" style=\"border-color:#c8161c;\"><\/div><\/div><\/div><div class=\"fusion-clearfix\"><\/div><\/div><\/div><\/div><\/div><\/p>\n","protected":false},"excerpt":{"rendered":"","protected":false},"author":1,"featured_media":0,"parent":0,"menu_order":0,"comment_status":"closed","ping_status":"closed","template":"","meta":{"footnotes":""},"class_list":["post-70","page","type-page","status-publish","hentry"],"yoast_head":"<!-- This site is optimized with the Yoast SEO plugin v25.7 - https:\/\/yoast.com\/wordpress\/plugins\/seo\/ -->\n<title>Startseite - El camino de K\u00fcnig<\/title>\n<meta name=\"robots\" content=\"index, follow, max-snippet:-1, max-image-preview:large, max-video-preview:-1\" \/>\n<link rel=\"canonical\" href=\"https:\/\/www.elcaminodekunig.com\/de\/\" \/>\n<meta property=\"og:locale\" content=\"de_DE\" \/>\n<meta property=\"og:type\" content=\"article\" \/>\n<meta property=\"og:title\" content=\"Startseite - El camino de K\u00fcnig\" \/>\n<meta property=\"og:url\" content=\"https:\/\/www.elcaminodekunig.com\/de\/\" \/>\n<meta property=\"og:site_name\" content=\"El camino de K\u00fcnig\" \/>\n<meta property=\"article:modified_time\" content=\"2020-01-23T09:53:30+00:00\" \/>\n<meta name=\"twitter:card\" content=\"summary_large_image\" \/>\n<meta name=\"twitter:label1\" content=\"Gesch\u00e4tzte Lesezeit\" \/>\n\t<meta name=\"twitter:data1\" content=\"4\u00a0Minuten\" \/>\n<script type=\"application\/ld+json\" class=\"yoast-schema-graph\">{\"@context\":\"https:\/\/schema.org\",\"@graph\":[{\"@type\":\"WebPage\",\"@id\":\"https:\/\/www.elcaminodekunig.com\/de\/\",\"url\":\"https:\/\/www.elcaminodekunig.com\/de\/\",\"name\":\"Startseite - El camino de K\u00fcnig\",\"isPartOf\":{\"@id\":\"https:\/\/www.elcaminodekunig.com\/#website\"},\"datePublished\":\"2019-02-02T07:51:46+00:00\",\"dateModified\":\"2020-01-23T09:53:30+00:00\",\"breadcrumb\":{\"@id\":\"https:\/\/www.elcaminodekunig.com\/de\/#breadcrumb\"},\"inLanguage\":\"de\",\"potentialAction\":[{\"@type\":\"ReadAction\",\"target\":[\"https:\/\/www.elcaminodekunig.com\/de\/\"]}]},{\"@type\":\"BreadcrumbList\",\"@id\":\"https:\/\/www.elcaminodekunig.com\/de\/#breadcrumb\",\"itemListElement\":[{\"@type\":\"ListItem\",\"position\":1,\"name\":\"Portada\",\"item\":\"https:\/\/www.elcaminodekunig.com\/de\/\"},{\"@type\":\"ListItem\",\"position\":2,\"name\":\"Startseite\"}]},{\"@type\":\"WebSite\",\"@id\":\"https:\/\/www.elcaminodekunig.com\/#website\",\"url\":\"https:\/\/www.elcaminodekunig.com\/\",\"name\":\"El camino de K\u00fcnig\",\"description\":\"En el tramo final del siglo XV, un monje de nombre Hermann K\u00fcnig, perteneciente al convento que la orden de los Siervos de Mar\u00eda ten\u00eda en Vach (Vacha), en el actual estado alem\u00e1n de Turingia, decidi\u00f3 peregrinar al extremo noroccidental de Espa\u00f1a, para visitar la tumba del ap\u00f3stol Santiago.\",\"potentialAction\":[{\"@type\":\"SearchAction\",\"target\":{\"@type\":\"EntryPoint\",\"urlTemplate\":\"https:\/\/www.elcaminodekunig.com\/?s={search_term_string}\"},\"query-input\":{\"@type\":\"PropertyValueSpecification\",\"valueRequired\":true,\"valueName\":\"search_term_string\"}}],\"inLanguage\":\"de\"}]}<\/script>\n<!-- \/ Yoast SEO plugin. -->","yoast_head_json":{"title":"Startseite - El camino de K\u00fcnig","robots":{"index":"index","follow":"follow","max-snippet":"max-snippet:-1","max-image-preview":"max-image-preview:large","max-video-preview":"max-video-preview:-1"},"canonical":"https:\/\/www.elcaminodekunig.com\/de\/","og_locale":"de_DE","og_type":"article","og_title":"Startseite - El camino de K\u00fcnig","og_url":"https:\/\/www.elcaminodekunig.com\/de\/","og_site_name":"El camino de K\u00fcnig","article_modified_time":"2020-01-23T09:53:30+00:00","twitter_card":"summary_large_image","twitter_misc":{"Gesch\u00e4tzte Lesezeit":"4\u00a0Minuten"},"schema":{"@context":"https:\/\/schema.org","@graph":[{"@type":"WebPage","@id":"https:\/\/www.elcaminodekunig.com\/de\/","url":"https:\/\/www.elcaminodekunig.com\/de\/","name":"Startseite - El camino de K\u00fcnig","isPartOf":{"@id":"https:\/\/www.elcaminodekunig.com\/#website"},"datePublished":"2019-02-02T07:51:46+00:00","dateModified":"2020-01-23T09:53:30+00:00","breadcrumb":{"@id":"https:\/\/www.elcaminodekunig.com\/de\/#breadcrumb"},"inLanguage":"de","potentialAction":[{"@type":"ReadAction","target":["https:\/\/www.elcaminodekunig.com\/de\/"]}]},{"@type":"BreadcrumbList","@id":"https:\/\/www.elcaminodekunig.com\/de\/#breadcrumb","itemListElement":[{"@type":"ListItem","position":1,"name":"Portada","item":"https:\/\/www.elcaminodekunig.com\/de\/"},{"@type":"ListItem","position":2,"name":"Startseite"}]},{"@type":"WebSite","@id":"https:\/\/www.elcaminodekunig.com\/#website","url":"https:\/\/www.elcaminodekunig.com\/","name":"El camino de K\u00fcnig","description":"En el tramo final del siglo XV, un monje de nombre Hermann K\u00fcnig, perteneciente al convento que la orden de los Siervos de Mar\u00eda ten\u00eda en Vach (Vacha), en el actual estado alem\u00e1n de Turingia, decidi\u00f3 peregrinar al extremo noroccidental de Espa\u00f1a, para visitar la tumba del ap\u00f3stol Santiago.","potentialAction":[{"@type":"SearchAction","target":{"@type":"EntryPoint","urlTemplate":"https:\/\/www.elcaminodekunig.com\/?s={search_term_string}"},"query-input":{"@type":"PropertyValueSpecification","valueRequired":true,"valueName":"search_term_string"}}],"inLanguage":"de"}]}},"_links":{"self":[{"href":"https:\/\/www.elcaminodekunig.com\/de\/wp-json\/wp\/v2\/pages\/70","targetHints":{"allow":["GET"]}}],"collection":[{"href":"https:\/\/www.elcaminodekunig.com\/de\/wp-json\/wp\/v2\/pages"}],"about":[{"href":"https:\/\/www.elcaminodekunig.com\/de\/wp-json\/wp\/v2\/types\/page"}],"author":[{"embeddable":true,"href":"https:\/\/www.elcaminodekunig.com\/de\/wp-json\/wp\/v2\/users\/1"}],"replies":[{"embeddable":true,"href":"https:\/\/www.elcaminodekunig.com\/de\/wp-json\/wp\/v2\/comments?post=70"}],"version-history":[{"count":0,"href":"https:\/\/www.elcaminodekunig.com\/de\/wp-json\/wp\/v2\/pages\/70\/revisions"}],"wp:attachment":[{"href":"https:\/\/www.elcaminodekunig.com\/de\/wp-json\/wp\/v2\/media?parent=70"}],"curies":[{"name":"wp","href":"https:\/\/api.w.org\/{rel}","templated":true}]}}